{"id":6757,"date":"2023-05-08T11:50:35","date_gmt":"2023-05-08T16:50:35","guid":{"rendered":"http:\/\/www.santarosa.gob.ec\/web\/?page_id=6757"},"modified":"2024-10-08T08:41:00","modified_gmt":"2024-10-08T13:41:00","slug":"fases-de-rendicion-de-cuentas-2022","status":"publish","type":"page","link":"https:\/\/www.santarosa.gob.ec\/web\/fases-de-rendicion-de-cuentas-2022\/","title":{"rendered":"Fases de Rendici\u00f3n de Cuentas 2023"},"content":{"rendered":"<p>[vc_row][vc_column][vc_empty_space hide_on_mobile=\u00bb\u00bb][vc_empty_space hide_on_mobile=\u00bb\u00bb][vc_empty_space hide_on_mobile=\u00bb\u00bb][\/vc_column][\/vc_row][vc_row][vc_column width=\u00bb1\/6&#8243;][\/vc_column][vc_column width=\u00bb2\/3&#8243;][\/vc_column][vc_column width=\u00bb1\/6&#8243;][\/vc_column][\/vc_row][vc_row][vc_column][vc_empty_space hide_on_mobile=\u00bb\u00bb][vc_empty_space hide_on_mobile=\u00bb\u00bb][vc_empty_space hide_on_mobile=\u00bb\u00bb][\/vc_column][\/vc_row][vc_row][vc_column width=\u00bb1\/6&#8243;][\/vc_column][vc_column width=\u00bb2\/3&#8243;]<div id=\"sc_content_1106300886\"\n\t\tclass=\"sc_content sc_content_default\"><div class=\"sc_content_container\">[vc_column_text]<\/p>\n<h6 style=\"text-align: left;\"><strong>FASE 1:<\/strong> PLANIFICACI\u00d3N Y FACILITACI\u00d3N DEL PROCESO DESDE LA<br \/>\nASAMBLEA LOCAL<\/h6>\n<p>[\/vc_column_text]<\/div><\/div><!-- \/.sc_content -->[vc_empty_space hide_on_mobile=\u00bb\u00bb][vc_empty_space hide_on_mobile=\u00bb\u00bb]<div id=\"sc_content_307236644\"\n\t\tclass=\"sc_content sc_content_default  vc_custom_1590780867210\"><div class=\"sc_content_container\">[vc_column_text]<\/p>\n<ol>\n<li style=\"list-style-type: none;\">\n<ol>\n<li><a href=\"https:\/\/santarosa.gob.ec\/RENDICION2023\/1.-%20Acta%20equipo%20GAD%20Municipal.pdf\">Acta del equipo t\u00e9cnico del GAD<\/a><\/li>\n<li><a href=\"https:\/\/santarosa.gob.ec\/RENDICION2023\/2.-%20Acta%20equipo%20multidisciplinario.pdf\">Acta dos subcomisiones: Asamblea local y t\u00e9cnicos del GAD<\/a><\/li>\n<li><a href=\"https:\/\/santarosa.gob.ec\/RENDICION2023\/3.-%20Entrega%20temas%20por%20la%20asamblea%20ciudadana%20local.pdf\">Entrega de temas por la Asamblea Local Ciudadana<\/a><\/li>\n<\/ol>\n<\/li>\n<\/ol>\n<p>[\/vc_column_text]<\/div><\/div><!-- \/.sc_content -->[\/vc_column][vc_column width=\u00bb1\/6&#8243;][\/vc_column][\/vc_row][vc_row][vc_column][vc_empty_space hide_on_mobile=\u00bb\u00bb][vc_empty_space hide_on_mobile=\u00bb\u00bb][vc_empty_space hide_on_mobile=\u00bb\u00bb][\/vc_column][\/vc_row][vc_row][vc_column width=\u00bb1\/6&#8243;][\/vc_column][vc_column width=\u00bb2\/3&#8243;]<div id=\"sc_content_981204209\"\n\t\tclass=\"sc_content sc_content_default\"><div class=\"sc_content_container\">[vc_column_text]<\/p>\n<h6 style=\"text-align: left;\">FASE 2: EVALUACI\u00d3N DE LA GESTI\u00d3N Y ELABORACI\u00d3N DEL INFORME<br \/>\nINSTITUCIONAL<\/h6>\n<p>[\/vc_column_text]<\/div><\/div><!-- \/.sc_content -->[vc_empty_space hide_on_mobile=\u00bb\u00bb][vc_empty_space hide_on_mobile=\u00bb\u00bb]<div id=\"sc_content_1822965859\"\n\t\tclass=\"sc_content sc_content_default  vc_custom_1590780929123\"><div class=\"sc_content_container\">[vc_column_text]<\/p>\n<ol>\n<li style=\"list-style-type: none;\">\n<ol>\n<li><a href=\"https:\/\/santarosa.gob.ec\/RENDICION2023\/1.-%20Acta%20de%20la%20evaluacion%20de%20la%20gestion%20institucional.pdf\">Acta de la evaluaci\u00f3n de la gesti\u00f3n institucional<\/a><\/li>\n<li><a href=\"https:\/\/santarosa.gob.ec\/RENDICION2023\/2.-%20Redaccion%20del%20informe%20para%20la%20ciudadania.pdf\">Redacci\u00f3n del informe para la ciudadan\u00eda<\/a><\/li>\n<li><a href=\"https:\/\/santarosa.gob.ec\/RENDICION2023\/3.-%20Formulario%20R.C.%202023.pdf\">Formulario del informe de rendici\u00f3n de cuentas establecido por el CPCCS<\/a><\/li>\n<li><a href=\"https:\/\/santarosa.gob.ec\/RENDICION2023\/4.-%20Documento%20de%20aprobacion%20del%20informe%20por%20la%20autoridad.pdf\">Documento de aprobaci\u00f3n del informe por la autoridad<\/a><\/li>\n<li><a href=\"https:\/\/santarosa.gob.ec\/RENDICION2023\/5.%20Documento%20de%20entrega%20del%20informe%20a%20la%20Asamblea%20Ciudadana%20Local.pdf\">Documento de entrega del informe a la Asamblea Local Ciudadana<\/a><\/li>\n<\/ol>\n<\/li>\n<\/ol>\n<p>[\/vc_column_text]<\/div><\/div><!-- \/.sc_content -->[\/vc_column][vc_column width=\u00bb1\/6&#8243;][\/vc_column][\/vc_row][vc_row][vc_column][vc_empty_space hide_on_mobile=\u00bb\u00bb][vc_empty_space hide_on_mobile=\u00bb\u00bb][vc_empty_space hide_on_mobile=\u00bb\u00bb][\/vc_column][\/vc_row][vc_row][vc_column width=\u00bb1\/6&#8243;][\/vc_column][vc_column width=\u00bb2\/3&#8243;]<div id=\"sc_content_1397628017\"\n\t\tclass=\"sc_content sc_content_default\"><div class=\"sc_content_container\">[vc_column_text]<\/p>\n<h6 style=\"text-align: left;\">FASE 3: DELIBERACI\u00d3N P\u00daBLICA Y EVALUACI\u00d3N CIUDADANA DEL<br \/>\nINFORME INSTITUCIONAL<\/h6>\n<p>[\/vc_column_text]<\/div><\/div><!-- \/.sc_content -->[vc_empty_space hide_on_mobile=\u00bb\u00bb][vc_empty_space hide_on_mobile=\u00bb\u00bb]<div id=\"sc_content_135764302\"\n\t\tclass=\"sc_content sc_content_default  vc_custom_1590780867210\"><div class=\"sc_content_container\">[vc_column_text]<\/p>\n<ol>\n<li style=\"list-style-type: none;\">\n<ol>\n<li><a href=\"https:\/\/santarosa.gob.ec\/RENDICION2023\/1.-%20Difusion%20del%20Informe%20de%20Rendicion%20de%20Cuentas.pdf\">Difusi\u00f3n del informe de rendici\u00f3n de cuentas<\/a><\/li>\n<li><a href=\"https:\/\/santarosa.gob.ec\/RENDICION2023\/2.-%20Registro%20de%20invitaciones%20a%20los%20actores%20sociales%20para%20la%20deliberacion%20publica.pdf\">Registro de Invitaciones a los actores sociales para la deliberaci\u00f3n p\u00fablica<\/a><\/li>\n<li><a href=\"https:\/\/santarosa.gob.ec\/RENDICION2023\/3.-%20Registro%20de%20asistencia%20a%20la%20deliberacion%20publica.pdf\">Registro de asistencia a la deliberaci\u00f3n p\u00fablica<\/a><\/li>\n<li><a href=\"https:\/\/www.facebook.com\/share\/v\/oLsRrrkn3XyiLMuf\/?mibextid=WC7FNe\">Informe de la deliberaci\u00f3n p\u00fablica<\/a><\/li>\n<li><a href=\"https:\/\/santarosa.gob.ec\/RENDICION2023\/7.-%20Recomendaciones%20de%20la%20ciudadania%20para%20mejorar%20la%20gestion%20de%20la%20institucion.pdf\">Recomendaciones de la ciudadan\u00eda para mejorar la gesti\u00f3n de la instituci\u00f3n<\/a><\/li>\n<li><a href=\"https:\/\/santarosa.gob.ec\/RENDICION2023\/ACTA%20DE%20RENDICION%20DE%20CUENTAS.pdf\">Acta de sugerencias ciudadanas firmada por la Asamblea Local<\/a><\/li>\n<\/ol>\n<\/li>\n<\/ol>\n<p>[\/vc_column_text]<\/div><\/div><!-- \/.sc_content -->[\/vc_column][vc_column width=\u00bb1\/6&#8243;][\/vc_column][\/vc_row][vc_row][vc_column][vc_empty_space hide_on_mobile=\u00bb\u00bb][vc_empty_space hide_on_mobile=\u00bb\u00bb][vc_empty_space hide_on_mobile=\u00bb\u00bb][\/vc_column][\/vc_row][vc_row][vc_column width=\u00bb1\/6&#8243;][\/vc_column][vc_column width=\u00bb2\/3&#8243;]<div id=\"sc_content_720285009\"\n\t\tclass=\"sc_content sc_content_default\"><div class=\"sc_content_container\">[vc_column_text]<\/p>\n<h6 style=\"text-align: left;\">FASE 4:<\/h6>\n<p>[\/vc_column_text]<\/div><\/div><!-- \/.sc_content -->[vc_empty_space hide_on_mobile=\u00bb\u00bb][vc_empty_space hide_on_mobile=\u00bb\u00bb]<div id=\"sc_content_1325889066\"\n\t\tclass=\"sc_content sc_content_default  vc_custom_1590780867210\"><div class=\"sc_content_container\">[vc_column_text]<\/p>\n<ol>\n<li style=\"list-style-type: none;\">\n<ol>\n<li><a href=\"https:\/\/santarosa.gob.ec\/RENDICION2023\/2.-%20Plan%20de%20Trabajo%202024.pdf\"><span dir=\"ltr\" role=\"presentation\">Plan de trabajo de las sugerencias ciudadanas<\/span><\/a><\/li>\n<li><a href=\"https:\/\/santarosa.gob.ec\/RENDICION2023\/1.-%20OFICIO%20PLAN%20DE%20TRABAJO.pdf\"><span dir=\"ltr\" role=\"presentation\">Documento de entrega del Plan de trabajo a la Asamblea Local Ciudadana y Consejo Cantonal de Planificaci\u00f3n<\/span><\/a><\/li>\n<\/ol>\n<\/li>\n<\/ol>\n<p>[\/vc_column_text]<\/div><\/div><!-- \/.sc_content -->[\/vc_column][vc_column width=\u00bb1\/6&#8243;][\/vc_column][\/vc_row][vc_row][vc_column][vc_empty_space hide_on_mobile=\u00bb\u00bb][vc_empty_space hide_on_mobile=\u00bb\u00bb][vc_empty_space hide_on_mobile=\u00bb\u00bb][\/vc_column][\/vc_row][vc_row][vc_column width=\u00bb1\/6&#8243;][\/vc_column][vc_column width=\u00bb2\/3&#8243;][vc_column_text]<\/p>\n<h6 style=\"text-align: left;\"><\/h6>\n","protected":false},"excerpt":{"rendered":"<p>[vc_row][vc_column][vc_empty_space hide_on_mobile=\u00bb\u00bb][vc_empty_space hide_on_mobile=\u00bb\u00bb][vc_empty_space hide_on_mobile=\u00bb\u00bb][\/vc_column][\/vc_row][vc_row][vc_column width=\u00bb1\/6&#8243;][\/vc_column][vc_column width=\u00bb2\/3&#8243;][\/vc_column][vc_column width=\u00bb1\/6&#8243;][\/vc_column][\/vc_row][vc_row][vc_column][vc_empty_space hide_on_mobile=\u00bb\u00bb][vc_empty_space hide_on_mobile=\u00bb\u00bb][vc_empty_space hide_on_mobile=\u00bb\u00bb][\/vc_column][\/vc_row][vc_row][vc_column width=\u00bb1\/6&#8243;][\/vc_column][vc_column width=\u00bb2\/3&#8243;][vc_empty_space hide_on_mobile=\u00bb\u00bb][vc_empty_space hide_on_mobile=\u00bb\u00bb][\/vc_column][vc_column width=\u00bb1\/6&#8243;][\/vc_column][\/vc_row][vc_row][vc_column][vc_empty_space hide_on_mobile=\u00bb\u00bb][vc_empty_space hide_on_mobile=\u00bb\u00bb][vc_empty_space hide_on_mobile=\u00bb\u00bb][\/vc_column][\/vc_row][vc_row][vc_column width=\u00bb1\/6&#8243;][\/vc_column][vc_column width=\u00bb2\/3&#8243;][vc_empty_space hide_on_mobile=\u00bb\u00bb][vc_empty_space hide_on_mobile=\u00bb\u00bb][\/vc_column][vc_column width=\u00bb1\/6&#8243;][\/vc_column][\/vc_row][vc_row][vc_column][vc_empty_space hide_on_mobile=\u00bb\u00bb][vc_empty_space hide_on_mobile=\u00bb\u00bb][vc_empty_space hide_on_mobile=\u00bb\u00bb][\/vc_column][\/vc_row][vc_row][vc_column width=\u00bb1\/6&#8243;][\/vc_column][vc_column width=\u00bb2\/3&#8243;][vc_empty_space hide_on_mobile=\u00bb\u00bb][vc_empty_space hide_on_mobile=\u00bb\u00bb][\/vc_column][vc_column width=\u00bb1\/6&#8243;][\/vc_column][\/vc_row][vc_row][vc_column][vc_empty_space hide_on_mobile=\u00bb\u00bb][vc_empty_space hide_on_mobile=\u00bb\u00bb][vc_empty_space hide_on_mobile=\u00bb\u00bb][\/vc_column][\/vc_row][vc_row][vc_column width=\u00bb1\/6&#8243;][\/vc_column][vc_column width=\u00bb2\/3&#8243;][vc_empty_space hide_on_mobile=\u00bb\u00bb][vc_empty_space hide_on_mobile=\u00bb\u00bb][\/vc_column][vc_column width=\u00bb1\/6&#8243;][\/vc_column][\/vc_row][vc_row][vc_column][vc_empty_space hide_on_mobile=\u00bb\u00bb][vc_empty_space&hellip;<\/p>\n","protected":false},"author":990004,"featured_media":0,"parent":0,"menu_order":0,"comment_status":"closed","ping_status":"closed","template":"","meta":{"footnotes":""},"class_list":["post-6757","page","type-page","status-publish","hentry"],"yoast_head":"<!-- This site is optimized with the Yoast SEO plugin v26.8 - https:\/\/yoast.com\/product\/yoast-seo-wordpress\/ -->\n<title>Fases de Rendici\u00f3n de Cuentas 2023 - GAD Municipal del Cant\u00f3n Santa Rosa<\/title>\n<meta name=\"robots\" content=\"index, follow, max-snippet:-1, max-image-preview:large, max-video-preview:-1\" \/>\n<link rel=\"canonical\" href=\"https:\/\/www.santarosa.gob.ec\/web\/fases-de-rendicion-de-cuentas-2022\/\" \/>\n<meta property=\"og:locale\" content=\"es_ES\" \/>\n<meta property=\"og:type\" content=\"article\" \/>\n<meta property=\"og:title\" content=\"Fases de Rendici\u00f3n de Cuentas 2023 - GAD Municipal del Cant\u00f3n Santa Rosa\" \/>\n<meta property=\"og:description\" content=\"[vc_row][vc_column][vc_empty_space hide_on_mobile=\u00bb\u00bb][vc_empty_space hide_on_mobile=\u00bb\u00bb][vc_empty_space hide_on_mobile=\u00bb\u00bb][\/vc_column][\/vc_row][vc_row][vc_column width=\u00bb1\/6&#8243;][\/vc_column][vc_column width=\u00bb2\/3&#8243;][\/vc_column][vc_column width=\u00bb1\/6&#8243;][\/vc_column][\/vc_row][vc_row][vc_column][vc_empty_space hide_on_mobile=\u00bb\u00bb][vc_empty_space hide_on_mobile=\u00bb\u00bb][vc_empty_space hide_on_mobile=\u00bb\u00bb][\/vc_column][\/vc_row][vc_row][vc_column width=\u00bb1\/6&#8243;][\/vc_column][vc_column width=\u00bb2\/3&#8243;][vc_empty_space hide_on_mobile=\u00bb\u00bb][vc_empty_space hide_on_mobile=\u00bb\u00bb][\/vc_column][vc_column width=\u00bb1\/6&#8243;][\/vc_column][\/vc_row][vc_row][vc_column][vc_empty_space hide_on_mobile=\u00bb\u00bb][vc_empty_space hide_on_mobile=\u00bb\u00bb][vc_empty_space hide_on_mobile=\u00bb\u00bb][\/vc_column][\/vc_row][vc_row][vc_column width=\u00bb1\/6&#8243;][\/vc_column][vc_column width=\u00bb2\/3&#8243;][vc_empty_space hide_on_mobile=\u00bb\u00bb][vc_empty_space hide_on_mobile=\u00bb\u00bb][\/vc_column][vc_column width=\u00bb1\/6&#8243;][\/vc_column][\/vc_row][vc_row][vc_column][vc_empty_space hide_on_mobile=\u00bb\u00bb][vc_empty_space hide_on_mobile=\u00bb\u00bb][vc_empty_space hide_on_mobile=\u00bb\u00bb][\/vc_column][\/vc_row][vc_row][vc_column width=\u00bb1\/6&#8243;][\/vc_column][vc_column width=\u00bb2\/3&#8243;][vc_empty_space hide_on_mobile=\u00bb\u00bb][vc_empty_space hide_on_mobile=\u00bb\u00bb][\/vc_column][vc_column width=\u00bb1\/6&#8243;][\/vc_column][\/vc_row][vc_row][vc_column][vc_empty_space hide_on_mobile=\u00bb\u00bb][vc_empty_space hide_on_mobile=\u00bb\u00bb][vc_empty_space hide_on_mobile=\u00bb\u00bb][\/vc_column][\/vc_row][vc_row][vc_column width=\u00bb1\/6&#8243;][\/vc_column][vc_column width=\u00bb2\/3&#8243;][vc_empty_space hide_on_mobile=\u00bb\u00bb][vc_empty_space hide_on_mobile=\u00bb\u00bb][\/vc_column][vc_column width=\u00bb1\/6&#8243;][\/vc_column][\/vc_row][vc_row][vc_column][vc_empty_space hide_on_mobile=\u00bb\u00bb][vc_empty_space&hellip;\" \/>\n<meta property=\"og:url\" content=\"https:\/\/www.santarosa.gob.ec\/web\/fases-de-rendicion-de-cuentas-2022\/\" \/>\n<meta property=\"og:site_name\" content=\"GAD Municipal del Cant\u00f3n Santa Rosa\" \/>\n<meta property=\"article:modified_time\" content=\"2024-10-08T13:41:00+00:00\" \/>\n<meta name=\"twitter:card\" content=\"summary_large_image\" \/>\n<meta name=\"twitter:label1\" content=\"Tiempo de lectura\" \/>\n\t<meta name=\"twitter:data1\" content=\"5 minutos\" \/>\n<script type=\"application\/ld+json\" class=\"yoast-schema-graph\">{\"@context\":\"https:\/\/schema.org\",\"@graph\":[{\"@type\":\"WebPage\",\"@id\":\"https:\/\/www.santarosa.gob.ec\/web\/fases-de-rendicion-de-cuentas-2022\/\",\"url\":\"https:\/\/www.santarosa.gob.ec\/web\/fases-de-rendicion-de-cuentas-2022\/\",\"name\":\"Fases de Rendici\u00f3n de Cuentas 2023 - GAD Municipal del Cant\u00f3n Santa Rosa\",\"isPartOf\":{\"@id\":\"https:\/\/www.santarosa.gob.ec\/web\/#website\"},\"datePublished\":\"2023-05-08T16:50:35+00:00\",\"dateModified\":\"2024-10-08T13:41:00+00:00\",\"breadcrumb\":{\"@id\":\"https:\/\/www.santarosa.gob.ec\/web\/fases-de-rendicion-de-cuentas-2022\/#breadcrumb\"},\"inLanguage\":\"es\",\"potentialAction\":[{\"@type\":\"ReadAction\",\"target\":[\"https:\/\/www.santarosa.gob.ec\/web\/fases-de-rendicion-de-cuentas-2022\/\"]}]},{\"@type\":\"BreadcrumbList\",\"@id\":\"https:\/\/www.santarosa.gob.ec\/web\/fases-de-rendicion-de-cuentas-2022\/#breadcrumb\",\"itemListElement\":[{\"@type\":\"ListItem\",\"position\":1,\"name\":\"Portada\",\"item\":\"https:\/\/www.santarosa.gob.ec\/web\/\"},{\"@type\":\"ListItem\",\"position\":2,\"name\":\"Fases de Rendici\u00f3n de Cuentas 2023\"}]},{\"@type\":\"WebSite\",\"@id\":\"https:\/\/www.santarosa.gob.ec\/web\/#website\",\"url\":\"https:\/\/www.santarosa.gob.ec\/web\/\",\"name\":\"GAD Municipal del Cant\u00f3n Santa Rosa\",\"description\":\"\",\"potentialAction\":[{\"@type\":\"SearchAction\",\"target\":{\"@type\":\"EntryPoint\",\"urlTemplate\":\"https:\/\/www.santarosa.gob.ec\/web\/?s={search_term_string}\"},\"query-input\":{\"@type\":\"PropertyValueSpecification\",\"valueRequired\":true,\"valueName\":\"search_term_string\"}}],\"inLanguage\":\"es\"}]}<\/script>\n<!-- \/ Yoast SEO plugin. -->","yoast_head_json":{"title":"Fases de Rendici\u00f3n de Cuentas 2023 - GAD Municipal del Cant\u00f3n Santa Rosa","robots":{"index":"index","follow":"follow","max-snippet":"max-snippet:-1","max-image-preview":"max-image-preview:large","max-video-preview":"max-video-preview:-1"},"canonical":"https:\/\/www.santarosa.gob.ec\/web\/fases-de-rendicion-de-cuentas-2022\/","og_locale":"es_ES","og_type":"article","og_title":"Fases de Rendici\u00f3n de Cuentas 2023 - GAD Municipal del Cant\u00f3n Santa Rosa","og_description":"[vc_row][vc_column][vc_empty_space hide_on_mobile=\u00bb\u00bb][vc_empty_space hide_on_mobile=\u00bb\u00bb][vc_empty_space hide_on_mobile=\u00bb\u00bb][\/vc_column][\/vc_row][vc_row][vc_column width=\u00bb1\/6&#8243;][\/vc_column][vc_column width=\u00bb2\/3&#8243;][\/vc_column][vc_column width=\u00bb1\/6&#8243;][\/vc_column][\/vc_row][vc_row][vc_column][vc_empty_space hide_on_mobile=\u00bb\u00bb][vc_empty_space hide_on_mobile=\u00bb\u00bb][vc_empty_space hide_on_mobile=\u00bb\u00bb][\/vc_column][\/vc_row][vc_row][vc_column width=\u00bb1\/6&#8243;][\/vc_column][vc_column width=\u00bb2\/3&#8243;][vc_empty_space hide_on_mobile=\u00bb\u00bb][vc_empty_space hide_on_mobile=\u00bb\u00bb][\/vc_column][vc_column width=\u00bb1\/6&#8243;][\/vc_column][\/vc_row][vc_row][vc_column][vc_empty_space hide_on_mobile=\u00bb\u00bb][vc_empty_space hide_on_mobile=\u00bb\u00bb][vc_empty_space hide_on_mobile=\u00bb\u00bb][\/vc_column][\/vc_row][vc_row][vc_column width=\u00bb1\/6&#8243;][\/vc_column][vc_column width=\u00bb2\/3&#8243;][vc_empty_space hide_on_mobile=\u00bb\u00bb][vc_empty_space hide_on_mobile=\u00bb\u00bb][\/vc_column][vc_column width=\u00bb1\/6&#8243;][\/vc_column][\/vc_row][vc_row][vc_column][vc_empty_space hide_on_mobile=\u00bb\u00bb][vc_empty_space hide_on_mobile=\u00bb\u00bb][vc_empty_space hide_on_mobile=\u00bb\u00bb][\/vc_column][\/vc_row][vc_row][vc_column width=\u00bb1\/6&#8243;][\/vc_column][vc_column width=\u00bb2\/3&#8243;][vc_empty_space hide_on_mobile=\u00bb\u00bb][vc_empty_space hide_on_mobile=\u00bb\u00bb][\/vc_column][vc_column width=\u00bb1\/6&#8243;][\/vc_column][\/vc_row][vc_row][vc_column][vc_empty_space hide_on_mobile=\u00bb\u00bb][vc_empty_space hide_on_mobile=\u00bb\u00bb][vc_empty_space hide_on_mobile=\u00bb\u00bb][\/vc_column][\/vc_row][vc_row][vc_column width=\u00bb1\/6&#8243;][\/vc_column][vc_column width=\u00bb2\/3&#8243;][vc_empty_space hide_on_mobile=\u00bb\u00bb][vc_empty_space hide_on_mobile=\u00bb\u00bb][\/vc_column][vc_column width=\u00bb1\/6&#8243;][\/vc_column][\/vc_row][vc_row][vc_column][vc_empty_space hide_on_mobile=\u00bb\u00bb][vc_empty_space&hellip;","og_url":"https:\/\/www.santarosa.gob.ec\/web\/fases-de-rendicion-de-cuentas-2022\/","og_site_name":"GAD Municipal del Cant\u00f3n Santa Rosa","article_modified_time":"2024-10-08T13:41:00+00:00","twitter_card":"summary_large_image","twitter_misc":{"Tiempo de lectura":"5 minutos"},"schema":{"@context":"https:\/\/schema.org","@graph":[{"@type":"WebPage","@id":"https:\/\/www.santarosa.gob.ec\/web\/fases-de-rendicion-de-cuentas-2022\/","url":"https:\/\/www.santarosa.gob.ec\/web\/fases-de-rendicion-de-cuentas-2022\/","name":"Fases de Rendici\u00f3n de Cuentas 2023 - GAD Municipal del Cant\u00f3n Santa Rosa","isPartOf":{"@id":"https:\/\/www.santarosa.gob.ec\/web\/#website"},"datePublished":"2023-05-08T16:50:35+00:00","dateModified":"2024-10-08T13:41:00+00:00","breadcrumb":{"@id":"https:\/\/www.santarosa.gob.ec\/web\/fases-de-rendicion-de-cuentas-2022\/#breadcrumb"},"inLanguage":"es","potentialAction":[{"@type":"ReadAction","target":["https:\/\/www.santarosa.gob.ec\/web\/fases-de-rendicion-de-cuentas-2022\/"]}]},{"@type":"BreadcrumbList","@id":"https:\/\/www.santarosa.gob.ec\/web\/fases-de-rendicion-de-cuentas-2022\/#breadcrumb","itemListElement":[{"@type":"ListItem","position":1,"name":"Portada","item":"https:\/\/www.santarosa.gob.ec\/web\/"},{"@type":"ListItem","position":2,"name":"Fases de Rendici\u00f3n de Cuentas 2023"}]},{"@type":"WebSite","@id":"https:\/\/www.santarosa.gob.ec\/web\/#website","url":"https:\/\/www.santarosa.gob.ec\/web\/","name":"GAD Municipal del Cant\u00f3n Santa Rosa","description":"","potentialAction":[{"@type":"SearchAction","target":{"@type":"EntryPoint","urlTemplate":"https:\/\/www.santarosa.gob.ec\/web\/?s={search_term_string}"},"query-input":{"@type":"PropertyValueSpecification","valueRequired":true,"valueName":"search_term_string"}}],"inLanguage":"es"}]}},"_links":{"self":[{"href":"https:\/\/www.santarosa.gob.ec\/web\/wp-json\/wp\/v2\/pages\/6757","targetHints":{"allow":["GET"]}}],"collection":[{"href":"https:\/\/www.santarosa.gob.ec\/web\/wp-json\/wp\/v2\/pages"}],"about":[{"href":"https:\/\/www.santarosa.gob.ec\/web\/wp-json\/wp\/v2\/types\/page"}],"author":[{"embeddable":true,"href":"https:\/\/www.santarosa.gob.ec\/web\/wp-json\/wp\/v2\/users\/990004"}],"replies":[{"embeddable":true,"href":"https:\/\/www.santarosa.gob.ec\/web\/wp-json\/wp\/v2\/comments?post=6757"}],"version-history":[{"count":0,"href":"https:\/\/www.santarosa.gob.ec\/web\/wp-json\/wp\/v2\/pages\/6757\/revisions"}],"wp:attachment":[{"href":"https:\/\/www.santarosa.gob.ec\/web\/wp-json\/wp\/v2\/media?parent=6757"}],"curies":[{"name":"wp","href":"https:\/\/api.w.org\/{rel}","templated":true}]}}