{"id":12539,"date":"2025-03-12T15:00:11","date_gmt":"2025-03-12T20:00:11","guid":{"rendered":"https:\/\/www.santarosa.gob.ec\/web\/?page_id=12539"},"modified":"2025-08-13T16:10:19","modified_gmt":"2025-08-13T21:10:19","slug":"fases-rendicion-de-cuentas-2024","status":"publish","type":"page","link":"https:\/\/www.santarosa.gob.ec\/web\/fases-rendicion-de-cuentas-2024\/","title":{"rendered":"Fases rendici\u00f3n de cuentas 2024"},"content":{"rendered":"<p>[vc_row][vc_column][vc_empty_space hide_on_mobile=\u00bb\u00bb][vc_empty_space hide_on_mobile=\u00bb\u00bb][vc_empty_space hide_on_mobile=\u00bb\u00bb][\/vc_column][\/vc_row][vc_row][vc_column width=\u00bb1\/6&#8243;][\/vc_column][vc_column width=\u00bb2\/3&#8243;][\/vc_column][vc_column width=\u00bb1\/6&#8243;][\/vc_column][\/vc_row][vc_row][vc_column][vc_empty_space hide_on_mobile=\u00bb\u00bb][vc_empty_space hide_on_mobile=\u00bb\u00bb][vc_empty_space hide_on_mobile=\u00bb\u00bb][\/vc_column][\/vc_row][vc_row][vc_column width=\u00bb1\/6&#8243;][\/vc_column][vc_column width=\u00bb2\/3&#8243;]<div id=\"sc_content_178064242\"\n\t\tclass=\"sc_content sc_content_default\"><div class=\"sc_content_container\">[vc_column_text]<\/p>\n<p><strong>FASE 1: PLANIFICACI\u00d3N Y FACILITACI\u00d3N DEL PROCESO DESDE LA<\/strong><br \/>\n<strong>ASAMBLEA LOCAL<\/strong><\/p>\n<p>[\/vc_column_text]<\/div><\/div><!-- \/.sc_content -->[vc_empty_space hide_on_mobile=\u00bb\u00bb][vc_empty_space hide_on_mobile=\u00bb\u00bb]<div id=\"sc_content_455426161\"\n\t\tclass=\"sc_content sc_content_default  vc_custom_1590780867210\"><div class=\"sc_content_container\">[vc_column_text]<\/p>\n<p>1.- <a href=\"https:\/\/santarosa.gob.ec\/RENDICION2024\/Acta%20equipo%20tecnico%20Gad.pdf\">Acta del equipo t\u00e9cnico del GAD<\/a><br \/>\n2.- <a href=\"https:\/\/santarosa.gob.ec\/RENDICION2024\/Acta%20dos%20subcomisiones%20ciudadanos%20y%20Gad.pdf\">Acta dos subcomisiones: Asamblea local y t\u00e9cnicos del GAD<\/a><br \/>\n3.- <a href=\"https:\/\/santarosa.gob.ec\/RENDICION2024\/Preguntas%20consulta%20ciudadana.pdf\">Entrega de temas por la Asamblea Local Ciudadana<\/a><\/p>\n<p>[\/vc_column_text]<\/div><\/div><!-- \/.sc_content -->[\/vc_column][vc_column width=\u00bb1\/6&#8243;][\/vc_column][\/vc_row][vc_row][vc_column][vc_empty_space hide_on_mobile=\u00bb\u00bb][vc_empty_space hide_on_mobile=\u00bb\u00bb][vc_empty_space hide_on_mobile=\u00bb\u00bb][\/vc_column][\/vc_row][vc_row][vc_column width=\u00bb1\/6&#8243;][\/vc_column][vc_column width=\u00bb2\/3&#8243;]<div id=\"sc_content_18328386\"\n\t\tclass=\"sc_content sc_content_default\"><div class=\"sc_content_container\">[vc_column_text]<\/p>\n<p><strong>FASE 2: EVALUACI\u00d3N DE LA GESTI\u00d3N Y ELABORACI\u00d3N DEL INFORME<\/strong><br \/>\n<strong>INSTITUCIONAL<\/strong><\/p>\n<p>[\/vc_column_text]<\/div><\/div><!-- \/.sc_content -->[vc_empty_space hide_on_mobile=\u00bb\u00bb][vc_empty_space hide_on_mobile=\u00bb\u00bb]<div id=\"sc_content_1758601707\"\n\t\tclass=\"sc_content sc_content_default  vc_custom_1590780929123\"><div class=\"sc_content_container\">[vc_column_text]<\/p>\n<p>1.- <a href=\"https:\/\/santarosa.gob.ec\/RENDICION2024\/Evaluacion%20gestion%20institucional.pdf\">Acta de la evaluaci\u00f3n de la gesti\u00f3n institucional<\/a><br \/>\n2.- <a href=\"https:\/\/santarosa.gob.ec\/RENDICION2024\/Informe%20Rendicion%20de%20Cuentas%20Gad%20Municipal-2024.pdf\">Redacci\u00f3n del informe para la ciudadan\u00eda<\/a><br \/>\n3.- <a href=\"https:\/\/santarosa.gob.ec\/RENDICION2024\/Formulario%20Rendicion%20de%20Cuentas%20GAD%20Municipal-2024.pdf\">Formulario del informe de rendici\u00f3n de cuentas establecido por el CPCCS<\/a><br \/>\n4.- <a href=\"https:\/\/santarosa.gob.ec\/RENDICION2024\/Acta%20de%20aprobacion.pdf\">Documento de aprobaci\u00f3n del informe por la autoridad<\/a><br \/>\n5.- <a href=\"https:\/\/santarosa.gob.ec\/RENDICION2024\/Documento%20de%20entrega%20del%20informe%20de%20rendicion%20de%20cuentas%202024.pdf\">Documento de entrega del informe a la Asamblea Local Ciudadana<\/a><\/p>\n<p>[\/vc_column_text]<\/div><\/div><!-- \/.sc_content -->[\/vc_column][vc_column width=\u00bb1\/6&#8243;][\/vc_column][\/vc_row][vc_row][vc_column][vc_empty_space hide_on_mobile=\u00bb\u00bb][vc_empty_space hide_on_mobile=\u00bb\u00bb][vc_empty_space hide_on_mobile=\u00bb\u00bb][\/vc_column][\/vc_row][vc_row][vc_column width=\u00bb1\/6&#8243;][\/vc_column][vc_column width=\u00bb2\/3&#8243;]<div id=\"sc_content_2095883755\"\n\t\tclass=\"sc_content sc_content_default\"><div class=\"sc_content_container\">[vc_column_text]<\/p>\n<p><strong>FASE 3: DELIBERACI\u00d3N P\u00daBLICA Y EVALUACI\u00d3N CIUDADANA DEL<\/strong><br \/>\n<strong>INFORME INSTITUCIONAL<\/strong><\/p>\n<p>[\/vc_column_text]<\/div><\/div><!-- \/.sc_content -->[vc_empty_space hide_on_mobile=\u00bb\u00bb][vc_empty_space hide_on_mobile=\u00bb\u00bb]<div id=\"sc_content_518843564\"\n\t\tclass=\"sc_content sc_content_default  vc_custom_1590780867210\"><div class=\"sc_content_container\">[vc_column_text]<\/p>\n<p>1.- <a href=\"https:\/\/santarosa.gob.ec\/RENDICION2024\/1.%20Difusion%20del%20informe%20de%20rendicion%20de%20cuentas.pdf\">Difusi\u00f3n del informe de rendici\u00f3n de cuentas<\/a><br \/>\n2.- <a href=\"https:\/\/santarosa.gob.ec\/RENDICION2024\/2.%20Registro%20entrega%20de%20invitaciones.pdf\">Registro de Invitaciones a los actores sociales para la deliberaci\u00f3n p\u00fablica<\/a><br \/>\n3.- <a href=\"https:\/\/santarosa.gob.ec\/RENDICION2024\/3.%20Registro%20de%20asistencia%20a%20la%20deliberacion%20publica.pdf\">Registro de asistencia a la deliberaci\u00f3n p\u00fablica<\/a><br \/>\n4.- <a href=\"https:\/\/www.facebook.com\/municipiosr\/videos\/778429718080911\">Informe de la deliberaci\u00f3n p\u00fablica<\/a><br \/>\n5.- <a href=\"https:\/\/santarosa.gob.ec\/MEDIOS_VERIFICACION_2024\/Recomendaciones%20de%20la%20ciudadania.pdf\">Recomendaciones de la ciudadan\u00eda para mejorar la gesti\u00f3n de la instituci\u00f3n<\/a><br \/>\n6.- <a href=\"https:\/\/santarosa.gob.ec\/MEDIOS_VERIFICACION_2024\/6.-%20Acta%20de%20sugerencias%20ciudadanas.pdf\">Acta de sugerencias ciudadanas firmada por la Asamblea Local<\/a><\/p>\n<p>[\/vc_column_text]<\/div><\/div><!-- \/.sc_content -->[\/vc_column][vc_column width=\u00bb1\/6&#8243;][\/vc_column][\/vc_row][vc_row][vc_column][vc_empty_space hide_on_mobile=\u00bb\u00bb][vc_empty_space hide_on_mobile=\u00bb\u00bb][vc_empty_space hide_on_mobile=\u00bb\u00bb][\/vc_column][\/vc_row][vc_row][vc_column width=\u00bb1\/6&#8243;][\/vc_column][vc_column width=\u00bb2\/3&#8243;]<div id=\"sc_content_1815760932\"\n\t\tclass=\"sc_content sc_content_default\"><div class=\"sc_content_container\">[vc_column_text]<\/p>\n<p><strong>FASE 4: INCORPORACI\u00d3N DE LA OPINI\u00d3N CIUDADANA, RETROALIMENTACI\u00d3N Y SEGUIMIENTO<\/strong><\/p>\n<p>[\/vc_column_text]<\/div><\/div><!-- \/.sc_content -->[vc_empty_space hide_on_mobile=\u00bb\u00bb][vc_empty_space hide_on_mobile=\u00bb\u00bb]<div id=\"sc_content_954827275\"\n\t\tclass=\"sc_content sc_content_default  vc_custom_1590780867210\"><div class=\"sc_content_container\">[vc_column_text]<\/p>\n<p>1.- <a href=\"https:\/\/santarosa.gob.ec\/MEDIOS_VERIFICACION_2024\/1-%20PLAN%20DE%20TRABAJO%20DE%20LAS%20SUGERENCIAS.pdf\">Plan de trabajo de las sugerencias ciudadanas<\/a><br \/>\n2.- <a href=\"https:\/\/santarosa.gob.ec\/MEDIOS_VERIFICACION_2024\/2.-%20DOCUMENTO%20DE%20ENTREGA%20DEL%20PLAN%20DE%20TRABAJO%20A%20LA%20ACL..pdf\">Documento de entrega del Plan de trabajo a la Asamblea Local Ciudadana y Consejo Cantonal de Planificaci\u00f3n<\/a><\/p>\n<p>[\/vc_column_text]<\/div><\/div><!-- \/.sc_content -->[\/vc_column][vc_column width=\u00bb1\/6&#8243;][\/vc_column][\/vc_row][vc_row][vc_column][vc_empty_space hide_on_mobile=\u00bb\u00bb][vc_empty_space hide_on_mobile=\u00bb\u00bb][vc_empty_space hide_on_mobile=\u00bb\u00bb][\/vc_column][\/vc_row][vc_row][vc_column width=\u00bb1\/6&#8243;][\/vc_column][vc_column width=\u00bb2\/3&#8243;][vc_column_text]<\/p>\n","protected":false},"excerpt":{"rendered":"<p>[vc_row][vc_column][vc_empty_space hide_on_mobile=\u00bb\u00bb][vc_empty_space hide_on_mobile=\u00bb\u00bb][vc_empty_space hide_on_mobile=\u00bb\u00bb][\/vc_column][\/vc_row][vc_row][vc_column width=\u00bb1\/6&#8243;][\/vc_column][vc_column width=\u00bb2\/3&#8243;][\/vc_column][vc_column width=\u00bb1\/6&#8243;][\/vc_column][\/vc_row][vc_row][vc_column][vc_empty_space hide_on_mobile=\u00bb\u00bb][vc_empty_space hide_on_mobile=\u00bb\u00bb][vc_empty_space hide_on_mobile=\u00bb\u00bb][\/vc_column][\/vc_row][vc_row][vc_column width=\u00bb1\/6&#8243;][\/vc_column][vc_column width=\u00bb2\/3&#8243;][vc_empty_space hide_on_mobile=\u00bb\u00bb][vc_empty_space hide_on_mobile=\u00bb\u00bb][\/vc_column][vc_column width=\u00bb1\/6&#8243;][\/vc_column][\/vc_row][vc_row][vc_column][vc_empty_space hide_on_mobile=\u00bb\u00bb][vc_empty_space hide_on_mobile=\u00bb\u00bb][vc_empty_space hide_on_mobile=\u00bb\u00bb][\/vc_column][\/vc_row][vc_row][vc_column width=\u00bb1\/6&#8243;][\/vc_column][vc_column width=\u00bb2\/3&#8243;][vc_empty_space hide_on_mobile=\u00bb\u00bb][vc_empty_space hide_on_mobile=\u00bb\u00bb][\/vc_column][vc_column width=\u00bb1\/6&#8243;][\/vc_column][\/vc_row][vc_row][vc_column][vc_empty_space hide_on_mobile=\u00bb\u00bb][vc_empty_space hide_on_mobile=\u00bb\u00bb][vc_empty_space hide_on_mobile=\u00bb\u00bb][\/vc_column][\/vc_row][vc_row][vc_column width=\u00bb1\/6&#8243;][\/vc_column][vc_column width=\u00bb2\/3&#8243;][vc_empty_space hide_on_mobile=\u00bb\u00bb][vc_empty_space hide_on_mobile=\u00bb\u00bb][\/vc_column][vc_column width=\u00bb1\/6&#8243;][\/vc_column][\/vc_row][vc_row][vc_column][vc_empty_space hide_on_mobile=\u00bb\u00bb][vc_empty_space hide_on_mobile=\u00bb\u00bb][vc_empty_space hide_on_mobile=\u00bb\u00bb][\/vc_column][\/vc_row][vc_row][vc_column width=\u00bb1\/6&#8243;][\/vc_column][vc_column width=\u00bb2\/3&#8243;][vc_empty_space hide_on_mobile=\u00bb\u00bb][vc_empty_space hide_on_mobile=\u00bb\u00bb][\/vc_column][vc_column width=\u00bb1\/6&#8243;][\/vc_column][\/vc_row][vc_row][vc_column][vc_empty_space hide_on_mobile=\u00bb\u00bb][vc_empty_space&hellip;<\/p>\n","protected":false},"author":990004,"featured_media":0,"parent":0,"menu_order":0,"comment_status":"closed","ping_status":"closed","template":"","meta":{"footnotes":""},"class_list":["post-12539","page","type-page","status-publish","hentry"],"yoast_head":"<!-- This site is optimized with the Yoast SEO plugin v26.8 - https:\/\/yoast.com\/product\/yoast-seo-wordpress\/ -->\n<title>Fases rendici\u00f3n de cuentas 2024 - GAD Municipal del Cant\u00f3n Santa Rosa<\/title>\n<meta name=\"robots\" content=\"index, follow, max-snippet:-1, max-image-preview:large, max-video-preview:-1\" \/>\n<link rel=\"canonical\" href=\"https:\/\/www.santarosa.gob.ec\/web\/fases-rendicion-de-cuentas-2024\/\" \/>\n<meta property=\"og:locale\" content=\"es_ES\" \/>\n<meta property=\"og:type\" content=\"article\" \/>\n<meta property=\"og:title\" content=\"Fases rendici\u00f3n de cuentas 2024 - GAD Municipal del Cant\u00f3n Santa Rosa\" \/>\n<meta property=\"og:description\" content=\"[vc_row][vc_column][vc_empty_space hide_on_mobile=\u00bb\u00bb][vc_empty_space hide_on_mobile=\u00bb\u00bb][vc_empty_space hide_on_mobile=\u00bb\u00bb][\/vc_column][\/vc_row][vc_row][vc_column width=\u00bb1\/6&#8243;][\/vc_column][vc_column width=\u00bb2\/3&#8243;][\/vc_column][vc_column width=\u00bb1\/6&#8243;][\/vc_column][\/vc_row][vc_row][vc_column][vc_empty_space hide_on_mobile=\u00bb\u00bb][vc_empty_space hide_on_mobile=\u00bb\u00bb][vc_empty_space hide_on_mobile=\u00bb\u00bb][\/vc_column][\/vc_row][vc_row][vc_column width=\u00bb1\/6&#8243;][\/vc_column][vc_column width=\u00bb2\/3&#8243;][vc_empty_space hide_on_mobile=\u00bb\u00bb][vc_empty_space hide_on_mobile=\u00bb\u00bb][\/vc_column][vc_column width=\u00bb1\/6&#8243;][\/vc_column][\/vc_row][vc_row][vc_column][vc_empty_space hide_on_mobile=\u00bb\u00bb][vc_empty_space hide_on_mobile=\u00bb\u00bb][vc_empty_space hide_on_mobile=\u00bb\u00bb][\/vc_column][\/vc_row][vc_row][vc_column width=\u00bb1\/6&#8243;][\/vc_column][vc_column width=\u00bb2\/3&#8243;][vc_empty_space hide_on_mobile=\u00bb\u00bb][vc_empty_space hide_on_mobile=\u00bb\u00bb][\/vc_column][vc_column width=\u00bb1\/6&#8243;][\/vc_column][\/vc_row][vc_row][vc_column][vc_empty_space hide_on_mobile=\u00bb\u00bb][vc_empty_space hide_on_mobile=\u00bb\u00bb][vc_empty_space hide_on_mobile=\u00bb\u00bb][\/vc_column][\/vc_row][vc_row][vc_column width=\u00bb1\/6&#8243;][\/vc_column][vc_column width=\u00bb2\/3&#8243;][vc_empty_space hide_on_mobile=\u00bb\u00bb][vc_empty_space hide_on_mobile=\u00bb\u00bb][\/vc_column][vc_column width=\u00bb1\/6&#8243;][\/vc_column][\/vc_row][vc_row][vc_column][vc_empty_space hide_on_mobile=\u00bb\u00bb][vc_empty_space hide_on_mobile=\u00bb\u00bb][vc_empty_space hide_on_mobile=\u00bb\u00bb][\/vc_column][\/vc_row][vc_row][vc_column width=\u00bb1\/6&#8243;][\/vc_column][vc_column width=\u00bb2\/3&#8243;][vc_empty_space hide_on_mobile=\u00bb\u00bb][vc_empty_space hide_on_mobile=\u00bb\u00bb][\/vc_column][vc_column width=\u00bb1\/6&#8243;][\/vc_column][\/vc_row][vc_row][vc_column][vc_empty_space hide_on_mobile=\u00bb\u00bb][vc_empty_space&hellip;\" \/>\n<meta property=\"og:url\" content=\"https:\/\/www.santarosa.gob.ec\/web\/fases-rendicion-de-cuentas-2024\/\" \/>\n<meta property=\"og:site_name\" content=\"GAD Municipal del Cant\u00f3n Santa Rosa\" \/>\n<meta property=\"article:modified_time\" content=\"2025-08-13T21:10:19+00:00\" \/>\n<meta name=\"twitter:card\" content=\"summary_large_image\" \/>\n<meta name=\"twitter:label1\" content=\"Tiempo de lectura\" \/>\n\t<meta name=\"twitter:data1\" content=\"5 minutos\" \/>\n<script type=\"application\/ld+json\" class=\"yoast-schema-graph\">{\"@context\":\"https:\/\/schema.org\",\"@graph\":[{\"@type\":\"WebPage\",\"@id\":\"https:\/\/www.santarosa.gob.ec\/web\/fases-rendicion-de-cuentas-2024\/\",\"url\":\"https:\/\/www.santarosa.gob.ec\/web\/fases-rendicion-de-cuentas-2024\/\",\"name\":\"Fases rendici\u00f3n de cuentas 2024 - GAD Municipal del Cant\u00f3n Santa Rosa\",\"isPartOf\":{\"@id\":\"https:\/\/www.santarosa.gob.ec\/web\/#website\"},\"datePublished\":\"2025-03-12T20:00:11+00:00\",\"dateModified\":\"2025-08-13T21:10:19+00:00\",\"breadcrumb\":{\"@id\":\"https:\/\/www.santarosa.gob.ec\/web\/fases-rendicion-de-cuentas-2024\/#breadcrumb\"},\"inLanguage\":\"es\",\"potentialAction\":[{\"@type\":\"ReadAction\",\"target\":[\"https:\/\/www.santarosa.gob.ec\/web\/fases-rendicion-de-cuentas-2024\/\"]}]},{\"@type\":\"BreadcrumbList\",\"@id\":\"https:\/\/www.santarosa.gob.ec\/web\/fases-rendicion-de-cuentas-2024\/#breadcrumb\",\"itemListElement\":[{\"@type\":\"ListItem\",\"position\":1,\"name\":\"Portada\",\"item\":\"https:\/\/www.santarosa.gob.ec\/web\/\"},{\"@type\":\"ListItem\",\"position\":2,\"name\":\"Fases rendici\u00f3n de cuentas 2024\"}]},{\"@type\":\"WebSite\",\"@id\":\"https:\/\/www.santarosa.gob.ec\/web\/#website\",\"url\":\"https:\/\/www.santarosa.gob.ec\/web\/\",\"name\":\"GAD Municipal del Cant\u00f3n Santa Rosa\",\"description\":\"\",\"potentialAction\":[{\"@type\":\"SearchAction\",\"target\":{\"@type\":\"EntryPoint\",\"urlTemplate\":\"https:\/\/www.santarosa.gob.ec\/web\/?s={search_term_string}\"},\"query-input\":{\"@type\":\"PropertyValueSpecification\",\"valueRequired\":true,\"valueName\":\"search_term_string\"}}],\"inLanguage\":\"es\"}]}<\/script>\n<!-- \/ Yoast SEO plugin. -->","yoast_head_json":{"title":"Fases rendici\u00f3n de cuentas 2024 - GAD Municipal del Cant\u00f3n Santa Rosa","robots":{"index":"index","follow":"follow","max-snippet":"max-snippet:-1","max-image-preview":"max-image-preview:large","max-video-preview":"max-video-preview:-1"},"canonical":"https:\/\/www.santarosa.gob.ec\/web\/fases-rendicion-de-cuentas-2024\/","og_locale":"es_ES","og_type":"article","og_title":"Fases rendici\u00f3n de cuentas 2024 - GAD Municipal del Cant\u00f3n Santa Rosa","og_description":"[vc_row][vc_column][vc_empty_space hide_on_mobile=\u00bb\u00bb][vc_empty_space hide_on_mobile=\u00bb\u00bb][vc_empty_space hide_on_mobile=\u00bb\u00bb][\/vc_column][\/vc_row][vc_row][vc_column width=\u00bb1\/6&#8243;][\/vc_column][vc_column width=\u00bb2\/3&#8243;][\/vc_column][vc_column width=\u00bb1\/6&#8243;][\/vc_column][\/vc_row][vc_row][vc_column][vc_empty_space hide_on_mobile=\u00bb\u00bb][vc_empty_space hide_on_mobile=\u00bb\u00bb][vc_empty_space hide_on_mobile=\u00bb\u00bb][\/vc_column][\/vc_row][vc_row][vc_column width=\u00bb1\/6&#8243;][\/vc_column][vc_column width=\u00bb2\/3&#8243;][vc_empty_space hide_on_mobile=\u00bb\u00bb][vc_empty_space hide_on_mobile=\u00bb\u00bb][\/vc_column][vc_column width=\u00bb1\/6&#8243;][\/vc_column][\/vc_row][vc_row][vc_column][vc_empty_space hide_on_mobile=\u00bb\u00bb][vc_empty_space hide_on_mobile=\u00bb\u00bb][vc_empty_space hide_on_mobile=\u00bb\u00bb][\/vc_column][\/vc_row][vc_row][vc_column width=\u00bb1\/6&#8243;][\/vc_column][vc_column width=\u00bb2\/3&#8243;][vc_empty_space hide_on_mobile=\u00bb\u00bb][vc_empty_space hide_on_mobile=\u00bb\u00bb][\/vc_column][vc_column width=\u00bb1\/6&#8243;][\/vc_column][\/vc_row][vc_row][vc_column][vc_empty_space hide_on_mobile=\u00bb\u00bb][vc_empty_space hide_on_mobile=\u00bb\u00bb][vc_empty_space hide_on_mobile=\u00bb\u00bb][\/vc_column][\/vc_row][vc_row][vc_column width=\u00bb1\/6&#8243;][\/vc_column][vc_column width=\u00bb2\/3&#8243;][vc_empty_space hide_on_mobile=\u00bb\u00bb][vc_empty_space hide_on_mobile=\u00bb\u00bb][\/vc_column][vc_column width=\u00bb1\/6&#8243;][\/vc_column][\/vc_row][vc_row][vc_column][vc_empty_space hide_on_mobile=\u00bb\u00bb][vc_empty_space hide_on_mobile=\u00bb\u00bb][vc_empty_space hide_on_mobile=\u00bb\u00bb][\/vc_column][\/vc_row][vc_row][vc_column width=\u00bb1\/6&#8243;][\/vc_column][vc_column width=\u00bb2\/3&#8243;][vc_empty_space hide_on_mobile=\u00bb\u00bb][vc_empty_space hide_on_mobile=\u00bb\u00bb][\/vc_column][vc_column width=\u00bb1\/6&#8243;][\/vc_column][\/vc_row][vc_row][vc_column][vc_empty_space hide_on_mobile=\u00bb\u00bb][vc_empty_space&hellip;","og_url":"https:\/\/www.santarosa.gob.ec\/web\/fases-rendicion-de-cuentas-2024\/","og_site_name":"GAD Municipal del Cant\u00f3n Santa Rosa","article_modified_time":"2025-08-13T21:10:19+00:00","twitter_card":"summary_large_image","twitter_misc":{"Tiempo de lectura":"5 minutos"},"schema":{"@context":"https:\/\/schema.org","@graph":[{"@type":"WebPage","@id":"https:\/\/www.santarosa.gob.ec\/web\/fases-rendicion-de-cuentas-2024\/","url":"https:\/\/www.santarosa.gob.ec\/web\/fases-rendicion-de-cuentas-2024\/","name":"Fases rendici\u00f3n de cuentas 2024 - GAD Municipal del Cant\u00f3n Santa Rosa","isPartOf":{"@id":"https:\/\/www.santarosa.gob.ec\/web\/#website"},"datePublished":"2025-03-12T20:00:11+00:00","dateModified":"2025-08-13T21:10:19+00:00","breadcrumb":{"@id":"https:\/\/www.santarosa.gob.ec\/web\/fases-rendicion-de-cuentas-2024\/#breadcrumb"},"inLanguage":"es","potentialAction":[{"@type":"ReadAction","target":["https:\/\/www.santarosa.gob.ec\/web\/fases-rendicion-de-cuentas-2024\/"]}]},{"@type":"BreadcrumbList","@id":"https:\/\/www.santarosa.gob.ec\/web\/fases-rendicion-de-cuentas-2024\/#breadcrumb","itemListElement":[{"@type":"ListItem","position":1,"name":"Portada","item":"https:\/\/www.santarosa.gob.ec\/web\/"},{"@type":"ListItem","position":2,"name":"Fases rendici\u00f3n de cuentas 2024"}]},{"@type":"WebSite","@id":"https:\/\/www.santarosa.gob.ec\/web\/#website","url":"https:\/\/www.santarosa.gob.ec\/web\/","name":"GAD Municipal del Cant\u00f3n Santa Rosa","description":"","potentialAction":[{"@type":"SearchAction","target":{"@type":"EntryPoint","urlTemplate":"https:\/\/www.santarosa.gob.ec\/web\/?s={search_term_string}"},"query-input":{"@type":"PropertyValueSpecification","valueRequired":true,"valueName":"search_term_string"}}],"inLanguage":"es"}]}},"_links":{"self":[{"href":"https:\/\/www.santarosa.gob.ec\/web\/wp-json\/wp\/v2\/pages\/12539","targetHints":{"allow":["GET"]}}],"collection":[{"href":"https:\/\/www.santarosa.gob.ec\/web\/wp-json\/wp\/v2\/pages"}],"about":[{"href":"https:\/\/www.santarosa.gob.ec\/web\/wp-json\/wp\/v2\/types\/page"}],"author":[{"embeddable":true,"href":"https:\/\/www.santarosa.gob.ec\/web\/wp-json\/wp\/v2\/users\/990004"}],"replies":[{"embeddable":true,"href":"https:\/\/www.santarosa.gob.ec\/web\/wp-json\/wp\/v2\/comments?post=12539"}],"version-history":[{"count":0,"href":"https:\/\/www.santarosa.gob.ec\/web\/wp-json\/wp\/v2\/pages\/12539\/revisions"}],"wp:attachment":[{"href":"https:\/\/www.santarosa.gob.ec\/web\/wp-json\/wp\/v2\/media?parent=12539"}],"curies":[{"name":"wp","href":"https:\/\/api.w.org\/{rel}","templated":true}]}}