{"id":1215,"date":"2020-05-29T19:23:32","date_gmt":"2020-05-29T19:23:32","guid":{"rendered":"http:\/\/www.santarosa.gob.ec\/web\/?page_id=1215"},"modified":"2020-07-10T02:02:46","modified_gmt":"2020-07-10T07:02:46","slug":"rendicion-de-cuentas-2018","status":"publish","type":"page","link":"https:\/\/www.santarosa.gob.ec\/web\/rendicion-de-cuentas-2018\/","title":{"rendered":"Rendici\u00f3n de Cuentas 2018"},"content":{"rendered":"<p>[vc_row][vc_column][vc_empty_space hide_on_mobile=\u00bb\u00bb][vc_empty_space hide_on_mobile=\u00bb\u00bb][vc_empty_space hide_on_mobile=\u00bb\u00bb][\/vc_column][\/vc_row][vc_row][vc_column width=\u00bb1\/6&#8243;][\/vc_column][vc_column width=\u00bb2\/3&#8243;][\/vc_column][vc_column width=\u00bb1\/6&#8243;][\/vc_column][\/vc_row][vc_row][vc_column][vc_empty_space hide_on_mobile=\u00bb\u00bb][vc_empty_space hide_on_mobile=\u00bb\u00bb][vc_empty_space hide_on_mobile=\u00bb\u00bb][\/vc_column][\/vc_row][vc_row][vc_column width=\u00bb1\/6&#8243;][\/vc_column][vc_column width=\u00bb2\/3&#8243;]<div id=\"sc_content_1904977825\"\n\t\tclass=\"sc_content sc_content_default\"><div class=\"sc_content_container\">[vc_column_text]<\/p>\n<h6 style=\"text-align: left;\">FASE 1<\/h6>\n<p>[\/vc_column_text]<\/div><\/div><!-- \/.sc_content -->[vc_empty_space hide_on_mobile=\u00bb\u00bb][vc_empty_space hide_on_mobile=\u00bb\u00bb]<div id=\"sc_content_1403242251\"\n\t\tclass=\"sc_content sc_content_default  vc_custom_1590780867210\"><div class=\"sc_content_container\">[vc_column_text]<\/p>\n<ol>\n<li style=\"list-style-type: none;\">\n<ol>\n<li><a href=\"https:\/\/www.santarosa.gob.ec\/FASES_RENDICION2018\/FASE%201\/1.-%20MATRIZ%20CONSULTA%20CIUDADANA.pdf\" target=\"_blank\" rel=\"noopener noreferrer\">Matriz de consulta ciudadana<\/a><\/li>\n<li><a href=\"https:\/\/www.santarosa.gob.ec\/FASES_RENDICION2018\/FASE%201\/2.-%20ACTA%20DE%20CONFORMACI%C3%93N%20DEL%20SISTEMA.pdf\" target=\"_blank\" rel=\"noopener noreferrer\">Acta de conformaci\u00f3n del Sistema y Consejo Cantonal de Planificaci\u00f3n<\/a><\/li>\n<li><a href=\"https:\/\/www.santarosa.gob.ec\/FASES_RENDICION2018\/FASE%201\/3.-%20ACTA%20DE%20LAS%20DOS%20SUBCOMISIONES.pdf\" target=\"_blank\" rel=\"noopener noreferrer\">Acta de las dos Sub comisiones: Equipo GAD y Sistema<\/a><\/li>\n<\/ol>\n<\/li>\n<\/ol>\n<p>[\/vc_column_text]<\/div><\/div><!-- \/.sc_content -->[\/vc_column][vc_column width=\u00bb1\/6&#8243;][\/vc_column][\/vc_row][vc_row][vc_column][vc_empty_space hide_on_mobile=\u00bb\u00bb][vc_empty_space hide_on_mobile=\u00bb\u00bb][vc_empty_space hide_on_mobile=\u00bb\u00bb][\/vc_column][\/vc_row][vc_row][vc_column width=\u00bb1\/6&#8243;][\/vc_column][vc_column width=\u00bb2\/3&#8243;]<div id=\"sc_content_1059718448\"\n\t\tclass=\"sc_content sc_content_default\"><div class=\"sc_content_container\">[vc_column_text]<\/p>\n<h6 style=\"text-align: left;\">FASE 2<\/h6>\n<p>[\/vc_column_text]<\/div><\/div><!-- \/.sc_content -->[vc_empty_space hide_on_mobile=\u00bb\u00bb][vc_empty_space hide_on_mobile=\u00bb\u00bb]<div id=\"sc_content_1903542707\"\n\t\tclass=\"sc_content sc_content_default  vc_custom_1590780929123\"><div class=\"sc_content_container\">[vc_column_text]<\/p>\n<ol>\n<li style=\"list-style-type: none;\">\n<ol>\n<li><a href=\"https:\/\/www.santarosa.gob.ec\/FASES_RENDICION2018\/FASE%202\/1.-%20ACTA%20DE%20EVALUACION%20DE%20LA%20GESTION%20INSTITUCIONAL.pdf\" target=\"_blank\" rel=\"noopener noreferrer\">Acta de evaluaci\u00f3n de la gesti\u00f3n institucional<\/a><\/li>\n<li><a href=\"https:\/\/www.santarosa.gob.ec\/FASES_RENDICION2018\/FASE%202\/2.-%20RESPUESTAS%20A%20LAS%20PREGUNTAS%20CONSULTA%20CIUDADANA%20R.C.2018.pdf\" target=\"_blank\" rel=\"noopener noreferrer\">Respuestas a las preguntas de la consulta ciudadana<\/a><\/li>\n<li><a href=\"https:\/\/www.santarosa.gob.ec\/FASES_RENDICION2018\/FASE%202\/3.-%20ACTA%20DE%20APROBACION%20DEL%20INFORME.pdf\" target=\"_blank\" rel=\"noopener noreferrer\">Acta de aprobaci\u00f3n del informe de rendici\u00f3n de cuentas<\/a><\/li>\n<li><a href=\"https:\/\/www.santarosa.gob.ec\/FASES_RENDICION2018\/FASE%202\/4.-%20INFORME%20A%20LA%20INSTANCIA%20DE%20PARTICIPACION%20CIUDADANA.pdf\" target=\"_blank\" rel=\"noopener noreferrer\">Informe a la instancia de Participaci\u00f3n Ciudadana<\/a><\/li>\n<\/ol>\n<\/li>\n<\/ol>\n<p>Presentaciones<\/p>\n<ul>\n<li style=\"list-style-type: none;\">\n<ul>\n<li><a href=\"https:\/\/www.santarosa.gob.ec\/FASES_RENDICION2018\/FASE%202\/GAD%20MUNICIPAL%20R.C.%202018.pptx\" target=\"_blank\" rel=\"noopener noreferrer\">G.A.D. Municipal<\/a><\/li>\n<li><a href=\"https:\/\/www.santarosa.gob.ec\/FASES_RENDICION2018\/FASE%202\/CUERPO%20DE%20BOMBEROS%20R.C.%202018.pptx\" target=\"_blank\" rel=\"noopener noreferrer\">Cuerpo de Bomberos<\/a><\/li>\n<li><a href=\"https:\/\/www.santarosa.gob.ec\/FASES_RENDICION2018\/FASE%202\/EMAPA%20R.C.2018.pptx\" target=\"_blank\" rel=\"noopener noreferrer\">EMAPA-SR<\/a><\/li>\n<li><a href=\"https:\/\/www.santarosa.gob.ec\/FASES_RENDICION2018\/FASE%202\/EMASEP-SR-EP.%20R.C.2018.pptx\" target=\"_blank\" rel=\"noopener noreferrer\">EMASEP-SR<\/a><\/li>\n<li><a href=\"https:\/\/www.santarosa.gob.ec\/FASES_RENDICION2018\/FASE%202\/EMCA-%20SR-EP.%20R.C.%202018.pptx\" target=\"_blank\" rel=\"noopener noreferrer\">EMCA-SR<\/a><\/li>\n<li><a href=\"https:\/\/www.santarosa.gob.ec\/FASES_RENDICION2018\/FASE%202\/EMOVTT%20R.C.2018.pptx\" target=\"_blank\" rel=\"noopener noreferrer\">EMOVTT<\/a><\/li>\n<\/ul>\n<\/li>\n<\/ul>\n<p>[\/vc_column_text]<\/div><\/div><!-- \/.sc_content -->[\/vc_column][vc_column width=\u00bb1\/6&#8243;][\/vc_column][\/vc_row][vc_row][vc_column][vc_empty_space hide_on_mobile=\u00bb\u00bb][vc_empty_space hide_on_mobile=\u00bb\u00bb][vc_empty_space hide_on_mobile=\u00bb\u00bb][\/vc_column][\/vc_row][vc_row][vc_column width=\u00bb1\/6&#8243;][\/vc_column][vc_column width=\u00bb2\/3&#8243;]<div id=\"sc_content_1733241938\"\n\t\tclass=\"sc_content sc_content_default\"><div class=\"sc_content_container\">[vc_column_text]<\/p>\n<h6 style=\"text-align: left;\">FASE 3<\/h6>\n<p>[\/vc_column_text]<\/div><\/div><!-- \/.sc_content -->[vc_empty_space hide_on_mobile=\u00bb\u00bb][vc_empty_space hide_on_mobile=\u00bb\u00bb]<div id=\"sc_content_625267534\"\n\t\tclass=\"sc_content sc_content_default  vc_custom_1590780929123\"><div class=\"sc_content_container\">[vc_column_text]<\/p>\n<ol>\n<li style=\"list-style-type: none;\">\n<ol>\n<li><a href=\"https:\/\/www.santarosa.gob.ec\/FASES_RENDICION2018\/FASE%203\/1.-%20DIFUSI%C3%93N%20DEL%20INFORME%20DE%20RENDICI%C3%93N%20DE%20CUENTAS.pdf\" target=\"_blank\" rel=\"noopener noreferrer\">Difusi\u00f3n del informe de rendici\u00f3n de cuentas<\/a><\/li>\n<li><a href=\"https:\/\/www.santarosa.gob.ec\/FASES_RENDICION2018\/FASE%203\/2.-%20LISTADO%20DE%20INVITADOS.pdf\" target=\"_blank\" rel=\"noopener noreferrer\">Listado de invitados a la deliberaci\u00f3n p\u00fablica<\/a><\/li>\n<li><a href=\"https:\/\/www.santarosa.gob.ec\/FASES_RENDICION2018\/FASE%203\/3.-%20LISTADO%20DE%20PARTICIPANTES.pdf\" target=\"_blank\" rel=\"noopener noreferrer\">Listado de participantes en la deliberaci\u00f3n p\u00fablica<\/a><\/li>\n<li><a href=\"https:\/\/www.santarosa.gob.ec\/FASES_RENDICION2018\/FASE%203\/4.-%20DELIBERACI%C3%93N%20Y%20EVALUACI%C3%93N%20DEL%20INFORME%20DE%20RENDICION%20DE%20CUENTAS-2018.pdf\" target=\"_blank\" rel=\"noopener noreferrer\">Memoria de la deliberaci\u00f3n p\u00fablica y evaluaci\u00f3n ciudadana de rendici\u00f3n de cuentas<\/a><\/li>\n<li><a href=\"https:\/\/www.santarosa.gob.ec\/FASES_RENDICION2018\/FASE%203\/9.-%20ACTA%20DE%20SUGERENCIAS.pdf\">Acta firmada por los representantes ciudadanos<\/a><\/li>\n<\/ol>\n<\/li>\n<\/ol>\n<p>[\/vc_column_text]<\/div><\/div><!-- \/.sc_content -->[\/vc_column][vc_column width=\u00bb1\/6&#8243;][\/vc_column][\/vc_row][vc_row][vc_column][vc_empty_space hide_on_mobile=\u00bb\u00bb][vc_empty_space hide_on_mobile=\u00bb\u00bb][vc_empty_space hide_on_mobile=\u00bb\u00bb][\/vc_column][\/vc_row][vc_row][vc_column width=\u00bb1\/6&#8243;][\/vc_column][vc_column width=\u00bb2\/3&#8243;]<div id=\"sc_content_500396112\"\n\t\tclass=\"sc_content sc_content_default\"><div class=\"sc_content_container\">[vc_column_text]<\/p>\n<h6 style=\"text-align: left;\">FASE 4<\/h6>\n<p>[\/vc_column_text]<\/div><\/div><!-- \/.sc_content -->[vc_empty_space hide_on_mobile=\u00bb\u00bb][vc_empty_space hide_on_mobile=\u00bb\u00bb]<div id=\"sc_content_251737333\"\n\t\tclass=\"sc_content sc_content_default  vc_custom_1590780929123\"><div class=\"sc_content_container\">[vc_column_text]<\/p>\n<ol>\n<li style=\"list-style-type: none;\">\n<ol>\n<li><a href=\"https:\/\/www.santarosa.gob.ec\/FASES_RENDICION2018\/FASE%204\/1.-%20OFICIO%20ENTREGA%20DEL%20PLAN.pdf\" target=\"_blank\" rel=\"noopener noreferrer\">Plan de trabajo de las sugerencias\u00a0ciudadanas<\/a><\/li>\n<li><a href=\"https:\/\/www.santarosa.gob.ec\/FASES_RENDICION2018\/FASE%204\/2.-%20PLAN%20DE%20TRABAJO.pdf\" target=\"_blank\" rel=\"noopener noreferrer\">Documento de recepci\u00f3n de los espacios en los que entreg\u00f3 el plan<\/a><\/li>\n<\/ol>\n<\/li>\n<\/ol>\n<p>[\/vc_column_text]<\/div><\/div><!-- \/.sc_content -->[\/vc_column][vc_column width=\u00bb1\/6&#8243;][\/vc_column][\/vc_row][vc_row][vc_column][vc_empty_space hide_on_mobile=\u00bb\u00bb][vc_empty_space hide_on_mobile=\u00bb\u00bb][vc_empty_space hide_on_mobile=\u00bb\u00bb][\/vc_column][\/vc_row][vc_row][vc_column width=\u00bb1\/6&#8243;][\/vc_column][vc_column width=\u00bb2\/3&#8243;]<div id=\"sc_content_1335193057\"\n\t\tclass=\"sc_content sc_content_default\"><div class=\"sc_content_container\">[vc_column_text]<\/p>\n<h6 style=\"text-align: left;\">RENDICI\u00d3N DE CUENTAS DE LAS(OS) SE\u00d1ORAS(ES) CONCEJALAS (ES) 2018<\/h6>\n<p>[\/vc_column_text]<\/div><\/div><!-- \/.sc_content -->[vc_empty_space hide_on_mobile=\u00bb\u00bb][vc_empty_space hide_on_mobile=\u00bb\u00bb]<div id=\"sc_content_860256156\"\n\t\tclass=\"sc_content sc_content_default  vc_custom_1590780929123\"><div class=\"sc_content_container\">[vc_column_text]<\/p>\n<p style=\"padding-left: 40px;\"><a href=\"https:\/\/www.santarosa.gob.ec\/FASES_RENDICION2018\/DRA.%20CECILIA%20ROM%C3%81N.pptx\" target=\"_blank\" rel=\"noopener noreferrer\">Dra. Cecilia Rom\u00e1n<\/a><\/p>\n<p style=\"padding-left: 40px;\"><a href=\"https:\/\/www.santarosa.gob.ec\/FASES_RENDICION2018\/PROF.%20VICTOR%20HUGO%20PONTON.pptx\" target=\"_blank\" rel=\"noopener noreferrer\">Prof. Victor Hugo Pont\u00f3n<\/a><\/p>\n<p>[\/vc_column_text]<\/div><\/div><!-- \/.sc_content -->[\/vc_column][vc_column width=\u00bb1\/6&#8243;][\/vc_column][\/vc_row][vc_row][vc_column][vc_empty_space hide_on_mobile=\u00bb\u00bb][vc_empty_space hide_on_mobile=\u00bb\u00bb][vc_empty_space hide_on_mobile=\u00bb\u00bb][\/vc_column][\/vc_row]<\/p>\n","protected":false},"excerpt":{"rendered":"<p>[vc_row][vc_column][vc_empty_space hide_on_mobile=\u00bb\u00bb][vc_empty_space hide_on_mobile=\u00bb\u00bb][vc_empty_space hide_on_mobile=\u00bb\u00bb][\/vc_column][\/vc_row][vc_row][vc_column width=\u00bb1\/6&#8243;][\/vc_column][vc_column width=\u00bb2\/3&#8243;][\/vc_column][vc_column width=\u00bb1\/6&#8243;][\/vc_column][\/vc_row][vc_row][vc_column][vc_empty_space hide_on_mobile=\u00bb\u00bb][vc_empty_space hide_on_mobile=\u00bb\u00bb][vc_empty_space hide_on_mobile=\u00bb\u00bb][\/vc_column][\/vc_row][vc_row][vc_column width=\u00bb1\/6&#8243;][\/vc_column][vc_column width=\u00bb2\/3&#8243;][vc_empty_space hide_on_mobile=\u00bb\u00bb][vc_empty_space hide_on_mobile=\u00bb\u00bb][\/vc_column][vc_column width=\u00bb1\/6&#8243;][\/vc_column][\/vc_row][vc_row][vc_column][vc_empty_space hide_on_mobile=\u00bb\u00bb][vc_empty_space hide_on_mobile=\u00bb\u00bb][vc_empty_space hide_on_mobile=\u00bb\u00bb][\/vc_column][\/vc_row][vc_row][vc_column width=\u00bb1\/6&#8243;][\/vc_column][vc_column width=\u00bb2\/3&#8243;][vc_empty_space hide_on_mobile=\u00bb\u00bb][vc_empty_space hide_on_mobile=\u00bb\u00bb][\/vc_column][vc_column width=\u00bb1\/6&#8243;][\/vc_column][\/vc_row][vc_row][vc_column][vc_empty_space hide_on_mobile=\u00bb\u00bb][vc_empty_space hide_on_mobile=\u00bb\u00bb][vc_empty_space hide_on_mobile=\u00bb\u00bb][\/vc_column][\/vc_row][vc_row][vc_column width=\u00bb1\/6&#8243;][\/vc_column][vc_column width=\u00bb2\/3&#8243;][vc_empty_space hide_on_mobile=\u00bb\u00bb][vc_empty_space hide_on_mobile=\u00bb\u00bb][\/vc_column][vc_column width=\u00bb1\/6&#8243;][\/vc_column][\/vc_row][vc_row][vc_column][vc_empty_space hide_on_mobile=\u00bb\u00bb][vc_empty_space hide_on_mobile=\u00bb\u00bb][vc_empty_space hide_on_mobile=\u00bb\u00bb][\/vc_column][\/vc_row][vc_row][vc_column width=\u00bb1\/6&#8243;][\/vc_column][vc_column width=\u00bb2\/3&#8243;][vc_empty_space hide_on_mobile=\u00bb\u00bb][vc_empty_space hide_on_mobile=\u00bb\u00bb][\/vc_column][vc_column width=\u00bb1\/6&#8243;][\/vc_column][\/vc_row][vc_row][vc_column][vc_empty_space hide_on_mobile=\u00bb\u00bb][vc_empty_space&hellip;<\/p>\n","protected":false},"author":1,"featured_media":0,"parent":0,"menu_order":0,"comment_status":"closed","ping_status":"closed","template":"","meta":{"footnotes":""},"class_list":["post-1215","page","type-page","status-publish","hentry"],"yoast_head":"<!-- This site is optimized with the Yoast SEO plugin v26.8 - https:\/\/yoast.com\/product\/yoast-seo-wordpress\/ -->\n<title>Rendici\u00f3n de Cuentas 2018 - GAD Municipal del Cant\u00f3n Santa Rosa<\/title>\n<meta name=\"robots\" content=\"index, follow, max-snippet:-1, max-image-preview:large, max-video-preview:-1\" \/>\n<link rel=\"canonical\" href=\"https:\/\/www.santarosa.gob.ec\/web\/rendicion-de-cuentas-2018\/\" \/>\n<meta property=\"og:locale\" content=\"es_ES\" \/>\n<meta property=\"og:type\" content=\"article\" \/>\n<meta property=\"og:title\" content=\"Rendici\u00f3n de Cuentas 2018 - GAD Municipal del Cant\u00f3n Santa Rosa\" \/>\n<meta property=\"og:description\" content=\"[vc_row][vc_column][vc_empty_space hide_on_mobile=\u00bb\u00bb][vc_empty_space hide_on_mobile=\u00bb\u00bb][vc_empty_space hide_on_mobile=\u00bb\u00bb][\/vc_column][\/vc_row][vc_row][vc_column width=\u00bb1\/6&#8243;][\/vc_column][vc_column width=\u00bb2\/3&#8243;][\/vc_column][vc_column width=\u00bb1\/6&#8243;][\/vc_column][\/vc_row][vc_row][vc_column][vc_empty_space hide_on_mobile=\u00bb\u00bb][vc_empty_space hide_on_mobile=\u00bb\u00bb][vc_empty_space hide_on_mobile=\u00bb\u00bb][\/vc_column][\/vc_row][vc_row][vc_column width=\u00bb1\/6&#8243;][\/vc_column][vc_column width=\u00bb2\/3&#8243;][vc_empty_space hide_on_mobile=\u00bb\u00bb][vc_empty_space hide_on_mobile=\u00bb\u00bb][\/vc_column][vc_column width=\u00bb1\/6&#8243;][\/vc_column][\/vc_row][vc_row][vc_column][vc_empty_space hide_on_mobile=\u00bb\u00bb][vc_empty_space hide_on_mobile=\u00bb\u00bb][vc_empty_space hide_on_mobile=\u00bb\u00bb][\/vc_column][\/vc_row][vc_row][vc_column width=\u00bb1\/6&#8243;][\/vc_column][vc_column width=\u00bb2\/3&#8243;][vc_empty_space hide_on_mobile=\u00bb\u00bb][vc_empty_space hide_on_mobile=\u00bb\u00bb][\/vc_column][vc_column width=\u00bb1\/6&#8243;][\/vc_column][\/vc_row][vc_row][vc_column][vc_empty_space hide_on_mobile=\u00bb\u00bb][vc_empty_space hide_on_mobile=\u00bb\u00bb][vc_empty_space hide_on_mobile=\u00bb\u00bb][\/vc_column][\/vc_row][vc_row][vc_column width=\u00bb1\/6&#8243;][\/vc_column][vc_column width=\u00bb2\/3&#8243;][vc_empty_space hide_on_mobile=\u00bb\u00bb][vc_empty_space hide_on_mobile=\u00bb\u00bb][\/vc_column][vc_column width=\u00bb1\/6&#8243;][\/vc_column][\/vc_row][vc_row][vc_column][vc_empty_space hide_on_mobile=\u00bb\u00bb][vc_empty_space hide_on_mobile=\u00bb\u00bb][vc_empty_space hide_on_mobile=\u00bb\u00bb][\/vc_column][\/vc_row][vc_row][vc_column width=\u00bb1\/6&#8243;][\/vc_column][vc_column width=\u00bb2\/3&#8243;][vc_empty_space hide_on_mobile=\u00bb\u00bb][vc_empty_space hide_on_mobile=\u00bb\u00bb][\/vc_column][vc_column width=\u00bb1\/6&#8243;][\/vc_column][\/vc_row][vc_row][vc_column][vc_empty_space hide_on_mobile=\u00bb\u00bb][vc_empty_space&hellip;\" \/>\n<meta property=\"og:url\" content=\"https:\/\/www.santarosa.gob.ec\/web\/rendicion-de-cuentas-2018\/\" \/>\n<meta property=\"og:site_name\" content=\"GAD Municipal del Cant\u00f3n Santa Rosa\" \/>\n<meta property=\"article:modified_time\" content=\"2020-07-10T07:02:46+00:00\" \/>\n<meta name=\"twitter:card\" content=\"summary_large_image\" \/>\n<meta name=\"twitter:label1\" content=\"Tiempo de lectura\" \/>\n\t<meta name=\"twitter:data1\" content=\"6 minutos\" \/>\n<script type=\"application\/ld+json\" class=\"yoast-schema-graph\">{\"@context\":\"https:\/\/schema.org\",\"@graph\":[{\"@type\":\"WebPage\",\"@id\":\"https:\/\/www.santarosa.gob.ec\/web\/rendicion-de-cuentas-2018\/\",\"url\":\"https:\/\/www.santarosa.gob.ec\/web\/rendicion-de-cuentas-2018\/\",\"name\":\"Rendici\u00f3n de Cuentas 2018 - GAD Municipal del Cant\u00f3n Santa Rosa\",\"isPartOf\":{\"@id\":\"https:\/\/www.santarosa.gob.ec\/web\/#website\"},\"datePublished\":\"2020-05-29T19:23:32+00:00\",\"dateModified\":\"2020-07-10T07:02:46+00:00\",\"breadcrumb\":{\"@id\":\"https:\/\/www.santarosa.gob.ec\/web\/rendicion-de-cuentas-2018\/#breadcrumb\"},\"inLanguage\":\"es\",\"potentialAction\":[{\"@type\":\"ReadAction\",\"target\":[\"https:\/\/www.santarosa.gob.ec\/web\/rendicion-de-cuentas-2018\/\"]}]},{\"@type\":\"BreadcrumbList\",\"@id\":\"https:\/\/www.santarosa.gob.ec\/web\/rendicion-de-cuentas-2018\/#breadcrumb\",\"itemListElement\":[{\"@type\":\"ListItem\",\"position\":1,\"name\":\"Portada\",\"item\":\"https:\/\/www.santarosa.gob.ec\/web\/\"},{\"@type\":\"ListItem\",\"position\":2,\"name\":\"Rendici\u00f3n de Cuentas 2018\"}]},{\"@type\":\"WebSite\",\"@id\":\"https:\/\/www.santarosa.gob.ec\/web\/#website\",\"url\":\"https:\/\/www.santarosa.gob.ec\/web\/\",\"name\":\"GAD Municipal del Cant\u00f3n Santa Rosa\",\"description\":\"\",\"potentialAction\":[{\"@type\":\"SearchAction\",\"target\":{\"@type\":\"EntryPoint\",\"urlTemplate\":\"https:\/\/www.santarosa.gob.ec\/web\/?s={search_term_string}\"},\"query-input\":{\"@type\":\"PropertyValueSpecification\",\"valueRequired\":true,\"valueName\":\"search_term_string\"}}],\"inLanguage\":\"es\"}]}<\/script>\n<!-- \/ Yoast SEO plugin. -->","yoast_head_json":{"title":"Rendici\u00f3n de Cuentas 2018 - GAD Municipal del Cant\u00f3n Santa Rosa","robots":{"index":"index","follow":"follow","max-snippet":"max-snippet:-1","max-image-preview":"max-image-preview:large","max-video-preview":"max-video-preview:-1"},"canonical":"https:\/\/www.santarosa.gob.ec\/web\/rendicion-de-cuentas-2018\/","og_locale":"es_ES","og_type":"article","og_title":"Rendici\u00f3n de Cuentas 2018 - GAD Municipal del Cant\u00f3n Santa Rosa","og_description":"[vc_row][vc_column][vc_empty_space hide_on_mobile=\u00bb\u00bb][vc_empty_space hide_on_mobile=\u00bb\u00bb][vc_empty_space hide_on_mobile=\u00bb\u00bb][\/vc_column][\/vc_row][vc_row][vc_column width=\u00bb1\/6&#8243;][\/vc_column][vc_column width=\u00bb2\/3&#8243;][\/vc_column][vc_column width=\u00bb1\/6&#8243;][\/vc_column][\/vc_row][vc_row][vc_column][vc_empty_space hide_on_mobile=\u00bb\u00bb][vc_empty_space hide_on_mobile=\u00bb\u00bb][vc_empty_space hide_on_mobile=\u00bb\u00bb][\/vc_column][\/vc_row][vc_row][vc_column width=\u00bb1\/6&#8243;][\/vc_column][vc_column width=\u00bb2\/3&#8243;][vc_empty_space hide_on_mobile=\u00bb\u00bb][vc_empty_space hide_on_mobile=\u00bb\u00bb][\/vc_column][vc_column width=\u00bb1\/6&#8243;][\/vc_column][\/vc_row][vc_row][vc_column][vc_empty_space hide_on_mobile=\u00bb\u00bb][vc_empty_space hide_on_mobile=\u00bb\u00bb][vc_empty_space hide_on_mobile=\u00bb\u00bb][\/vc_column][\/vc_row][vc_row][vc_column width=\u00bb1\/6&#8243;][\/vc_column][vc_column width=\u00bb2\/3&#8243;][vc_empty_space hide_on_mobile=\u00bb\u00bb][vc_empty_space hide_on_mobile=\u00bb\u00bb][\/vc_column][vc_column width=\u00bb1\/6&#8243;][\/vc_column][\/vc_row][vc_row][vc_column][vc_empty_space hide_on_mobile=\u00bb\u00bb][vc_empty_space hide_on_mobile=\u00bb\u00bb][vc_empty_space hide_on_mobile=\u00bb\u00bb][\/vc_column][\/vc_row][vc_row][vc_column width=\u00bb1\/6&#8243;][\/vc_column][vc_column width=\u00bb2\/3&#8243;][vc_empty_space hide_on_mobile=\u00bb\u00bb][vc_empty_space hide_on_mobile=\u00bb\u00bb][\/vc_column][vc_column width=\u00bb1\/6&#8243;][\/vc_column][\/vc_row][vc_row][vc_column][vc_empty_space hide_on_mobile=\u00bb\u00bb][vc_empty_space hide_on_mobile=\u00bb\u00bb][vc_empty_space hide_on_mobile=\u00bb\u00bb][\/vc_column][\/vc_row][vc_row][vc_column width=\u00bb1\/6&#8243;][\/vc_column][vc_column width=\u00bb2\/3&#8243;][vc_empty_space hide_on_mobile=\u00bb\u00bb][vc_empty_space hide_on_mobile=\u00bb\u00bb][\/vc_column][vc_column width=\u00bb1\/6&#8243;][\/vc_column][\/vc_row][vc_row][vc_column][vc_empty_space hide_on_mobile=\u00bb\u00bb][vc_empty_space&hellip;","og_url":"https:\/\/www.santarosa.gob.ec\/web\/rendicion-de-cuentas-2018\/","og_site_name":"GAD Municipal del Cant\u00f3n Santa Rosa","article_modified_time":"2020-07-10T07:02:46+00:00","twitter_card":"summary_large_image","twitter_misc":{"Tiempo de lectura":"6 minutos"},"schema":{"@context":"https:\/\/schema.org","@graph":[{"@type":"WebPage","@id":"https:\/\/www.santarosa.gob.ec\/web\/rendicion-de-cuentas-2018\/","url":"https:\/\/www.santarosa.gob.ec\/web\/rendicion-de-cuentas-2018\/","name":"Rendici\u00f3n de Cuentas 2018 - GAD Municipal del Cant\u00f3n Santa Rosa","isPartOf":{"@id":"https:\/\/www.santarosa.gob.ec\/web\/#website"},"datePublished":"2020-05-29T19:23:32+00:00","dateModified":"2020-07-10T07:02:46+00:00","breadcrumb":{"@id":"https:\/\/www.santarosa.gob.ec\/web\/rendicion-de-cuentas-2018\/#breadcrumb"},"inLanguage":"es","potentialAction":[{"@type":"ReadAction","target":["https:\/\/www.santarosa.gob.ec\/web\/rendicion-de-cuentas-2018\/"]}]},{"@type":"BreadcrumbList","@id":"https:\/\/www.santarosa.gob.ec\/web\/rendicion-de-cuentas-2018\/#breadcrumb","itemListElement":[{"@type":"ListItem","position":1,"name":"Portada","item":"https:\/\/www.santarosa.gob.ec\/web\/"},{"@type":"ListItem","position":2,"name":"Rendici\u00f3n de Cuentas 2018"}]},{"@type":"WebSite","@id":"https:\/\/www.santarosa.gob.ec\/web\/#website","url":"https:\/\/www.santarosa.gob.ec\/web\/","name":"GAD Municipal del Cant\u00f3n Santa Rosa","description":"","potentialAction":[{"@type":"SearchAction","target":{"@type":"EntryPoint","urlTemplate":"https:\/\/www.santarosa.gob.ec\/web\/?s={search_term_string}"},"query-input":{"@type":"PropertyValueSpecification","valueRequired":true,"valueName":"search_term_string"}}],"inLanguage":"es"}]}},"_links":{"self":[{"href":"https:\/\/www.santarosa.gob.ec\/web\/wp-json\/wp\/v2\/pages\/1215","targetHints":{"allow":["GET"]}}],"collection":[{"href":"https:\/\/www.santarosa.gob.ec\/web\/wp-json\/wp\/v2\/pages"}],"about":[{"href":"https:\/\/www.santarosa.gob.ec\/web\/wp-json\/wp\/v2\/types\/page"}],"author":[{"embeddable":true,"href":"https:\/\/www.santarosa.gob.ec\/web\/wp-json\/wp\/v2\/users\/1"}],"replies":[{"embeddable":true,"href":"https:\/\/www.santarosa.gob.ec\/web\/wp-json\/wp\/v2\/comments?post=1215"}],"version-history":[{"count":0,"href":"https:\/\/www.santarosa.gob.ec\/web\/wp-json\/wp\/v2\/pages\/1215\/revisions"}],"wp:attachment":[{"href":"https:\/\/www.santarosa.gob.ec\/web\/wp-json\/wp\/v2\/media?parent=1215"}],"curies":[{"name":"wp","href":"https:\/\/api.w.org\/{rel}","templated":true}]}}