{"id":1119,"date":"2020-05-29T02:31:27","date_gmt":"2020-05-29T02:31:27","guid":{"rendered":"http:\/\/www.santarosa.gob.ec\/web\/?page_id=1119"},"modified":"2020-09-28T15:23:29","modified_gmt":"2020-09-28T20:23:29","slug":"geografia-y-ubicacion","status":"publish","type":"page","link":"https:\/\/www.santarosa.gob.ec\/web\/geografia-y-ubicacion\/","title":{"rendered":"Geograf\u00eda y Ubicaci\u00f3n"},"content":{"rendered":"<p>[vc_row][vc_column][vc_empty_space hide_on_mobile=\u00bb\u00bb][vc_empty_space hide_on_mobile=\u00bb\u00bb][vc_empty_space hide_on_mobile=\u00bb\u00bb][\/vc_column][\/vc_row][vc_row][vc_column width=\u00bb1\/6&#8243;][\/vc_column][vc_column width=\u00bb2\/3&#8243;][vc_empty_space hide_on_mobile=\u00bb\u00bb][vc_empty_space hide_on_mobile=\u00bb\u00bb][vc_single_image image=\u00bb2714&#8243; img_size=\u00bblarge\u00bb alignment=\u00bbcenter\u00bb][vc_empty_space hide_on_mobile=\u00bb\u00bb][vc_empty_space hide_on_mobile=\u00bb\u00bb][vc_column_text]<\/p>\n<table class=\" aligncenter\" style=\"width: 368px; height: 626px;\">\n<tbody>\n<tr>\n<td width=\"100\">\n<p align=\"center\"><strong>Parroquias<\/strong><\/p>\n<\/td>\n<td width=\"105\">\n<p align=\"center\"><strong>Superficie (Has)<\/strong><\/p>\n<\/td>\n<td valign=\"top\" width=\"116\">\n<p align=\"center\"><strong>Porcentaje %<\/strong><\/p>\n<\/td>\n<\/tr>\n<tr>\n<td width=\"100\">Bellamaria<\/td>\n<td width=\"105\">\n<p align=\"center\">9.117<\/p>\n<\/td>\n<td valign=\"top\" width=\"116\">\n<p align=\"center\">9.66<\/p>\n<\/td>\n<\/tr>\n<tr>\n<td width=\"100\">Bellavista<\/td>\n<td width=\"105\">\n<p align=\"center\">4.527<\/p>\n<\/td>\n<td valign=\"top\" width=\"116\">\n<p align=\"center\">4.79<\/p>\n<\/td>\n<\/tr>\n<tr>\n<td width=\"100\">Jambel\u00ed<\/td>\n<td width=\"105\">\n<p align=\"center\">41.706<\/p>\n<\/td>\n<td valign=\"top\" width=\"116\">\n<p align=\"center\">44.16<\/p>\n<\/td>\n<\/tr>\n<tr>\n<td width=\"100\">La Avanzada<\/td>\n<td width=\"105\">\n<p align=\"center\">6.132<\/p>\n<\/td>\n<td valign=\"top\" width=\"116\">\n<p align=\"center\">6.49<\/p>\n<\/td>\n<\/tr>\n<tr>\n<td width=\"100\">La Victoria<\/td>\n<td width=\"105\">\n<p align=\"center\">13.965<\/p>\n<\/td>\n<td valign=\"top\" width=\"116\">\n<p align=\"center\">14.79<\/p>\n<\/td>\n<\/tr>\n<tr>\n<td width=\"100\">San Antonio<\/td>\n<td width=\"105\">\n<p align=\"center\">2.524<\/p>\n<\/td>\n<td valign=\"top\" width=\"116\">\n<p align=\"center\">2.67<\/p>\n<\/td>\n<\/tr>\n<tr>\n<td width=\"100\">Torata<\/td>\n<td width=\"105\">\n<p align=\"center\">8.538<\/p>\n<\/td>\n<td valign=\"top\" width=\"116\">\n<p align=\"center\">9.04<\/p>\n<\/td>\n<\/tr>\n<tr>\n<td width=\"100\">Santa Rosa<\/td>\n<td width=\"105\">\n<p align=\"center\">7.930<\/p>\n<\/td>\n<td valign=\"top\" width=\"116\">\n<p align=\"center\">8.40<\/p>\n<\/td>\n<\/tr>\n<tr>\n<td width=\"100\"><strong>TOTAL<\/strong><\/td>\n<td width=\"105\">\n<p align=\"center\"><strong>944.41<\/strong><\/p>\n<\/td>\n<td valign=\"top\" width=\"116\">\n<p align=\"center\"><strong>100,00<\/strong><\/p>\n<\/td>\n<\/tr>\n<\/tbody>\n<\/table>\n<p>[\/vc_column_text][vc_empty_space hide_on_mobile=\u00bb\u00bb][vc_empty_space hide_on_mobile=\u00bb\u00bb]<div id=\"sc_content_745854952\"\n\t\tclass=\"sc_content sc_content_default\"><div class=\"sc_content_container\">[vc_column_text]<\/p>\n<h6 style=\"text-align: left;\">Hidrograf\u00eda<\/h6>\n<p>[\/vc_column_text]<\/div><\/div><!-- \/.sc_content -->[vc_empty_space hide_on_mobile=\u00bb\u00bb][vc_empty_space hide_on_mobile=\u00bb\u00bb][vc_single_image image=\u00bb1128&#8243; img_size=\u00bblarge\u00bb alignment=\u00bbcenter\u00bb][vc_empty_space hide_on_mobile=\u00bb\u00bb][vc_empty_space hide_on_mobile=\u00bb\u00bb]<div id=\"sc_content_210312411\"\n\t\tclass=\"sc_content sc_content_default\"><div class=\"sc_content_container\">[vc_column_text]<\/p>\n<p align=\"justify\">El cant\u00f3n Santa Rosa posee dos fuentes hidrogr\u00e1ficas: la del r\u00edo Caluguro que tiene como afluentes el r\u00edo Chico y el r\u00edo Biron; y la del r\u00edo Santa Rosa cuyos afluentes nacen de los cerros La Chilca, El Guayabo y Sabay\u00e1n, ubicados en la Cordillera Dumar\u00ed, la cu\u00e1l forma parte de la Cordillera de Los Andes. Adem\u00e1s cuenta con el r\u00edo Buenavista, que es el accidente geogr\u00e1fico que limita con el cant\u00f3n Machala y Pasaje, tiene como afluentes el r\u00edo Caluguro, r\u00edo Negro, r\u00edo San Agust\u00edn y r\u00edo Dumar\u00ed. La uni\u00f3n de los r\u00edos Santa Rosa y Buenavista da origen al r\u00edo Pital, donde llegaban los barcos que hac\u00edan el cabotaje entre Guayaquil \u2013 Puerto Bol\u00edvar y Santa Rosa a la altura del puente de metal que servia adem\u00e1s para la v\u00eda carrozable del ferrocarril.<\/p>\n<p align=\"justify\">El r\u00edo Pital, a la altura de la cabecera cantonal, sirve de l\u00edmite con el cant\u00f3n Machala y desemboca en el Estero Jel\u00ed, y este a su vez en el Archipi\u00e9lago de Jambel\u00ed. Hacia el Oeste, y como l\u00edmite con el cant\u00f3n de Arenillas, se ubica al r\u00edo Arenillas, cuyas aguas son aprovechadas por los moradores del sector para el riego de cultivos, es adem\u00e1s, el afluente principal del Humedal La Tembladera.<\/p>\n<p>[\/vc_column_text]<\/div><\/div><!-- \/.sc_content -->[vc_empty_space hide_on_mobile=\u00bb\u00bb][vc_empty_space hide_on_mobile=\u00bb\u00bb]<div id=\"sc_content_17600705\"\n\t\tclass=\"sc_content sc_content_default\"><div class=\"sc_content_container\">[vc_column_text]<\/p>\n<h6 style=\"text-align: left;\">Topograf\u00eda<\/h6>\n<p>[\/vc_column_text]<\/div><\/div><!-- \/.sc_content -->[vc_empty_space hide_on_mobile=\u00bb\u00bb][vc_empty_space hide_on_mobile=\u00bb\u00bb][vc_single_image image=\u00bb2716&#8243; img_size=\u00bblarge\u00bb alignment=\u00bbcenter\u00bb][vc_empty_space hide_on_mobile=\u00bb\u00bb][vc_empty_space hide_on_mobile=\u00bb\u00bb]<div id=\"sc_content_881349550\"\n\t\tclass=\"sc_content sc_content_default\"><div class=\"sc_content_container\">[vc_column_text]<\/p>\n<p style=\"text-align: justify;\">La regi\u00f3n insular (islas), identificada por todas las islas que forman el Archipi\u00e9lago de Jambel\u00ed, presenta una topograf\u00eda relativamente plana, interrumpida por las piscinas camarones, las cuales se hallan en gran n\u00famero en estas islas. Debido a su cercan\u00eda al mar, algunas de estas islas se inundan sobre todo en aguajes fuertes y\/o en presencia del fen\u00f3meno El Ni\u00f1o. Topogr\u00e1ficamente las playas son las partes m\u00e1s que se caracterizan por el uso agropecuario.<\/p>\n<p>[\/vc_column_text]<\/div><\/div><!-- \/.sc_content -->[vc_empty_space hide_on_mobile=\u00bb\u00bb][vc_empty_space hide_on_mobile=\u00bb\u00bb]<div id=\"sc_content_1408271257\"\n\t\tclass=\"sc_content sc_content_default\"><div class=\"sc_content_container\">[vc_column_text]<\/p>\n<h6 style=\"text-align: left;\"><strong>Geomorfolog\u00eda<\/strong><\/h6>\n<p>[\/vc_column_text]<\/div><\/div><!-- \/.sc_content -->[vc_empty_space hide_on_mobile=\u00bb\u00bb][vc_empty_space hide_on_mobile=\u00bb\u00bb]<div id=\"sc_content_687350507\"\n\t\tclass=\"sc_content sc_content_default\"><div class=\"sc_content_container\">[vc_column_text]<\/p>\n<p style=\"text-align: justify;\">Existen cuatro pisos altitudinales que van desde los 0 msnm en el archipi\u00e9lago de Jambel\u00ed hasta los 1250 msnm en la parte alta de la parroquia Torata, caracteriz\u00e1ndose por tener barreras de escalonamiento<strong><span class=\"Apple-converted-space\">\u00a0<\/span><\/strong>en \u00e1reas pertenecientes a la parroquia torata y La Avanzada, as\u00ed como llanuras aluviales de precipitaci\u00f3n en los causes de los r\u00edos y esteros del cant\u00f3n, cuenta con planicies costeras en la parroquia Santa rosa en especial el \u00e1rea urbana y \u00e1reas de manglar en el Archipi\u00e9lago de Jambel\u00ed y Puerto Jel\u00ed.<\/p>\n<p>[\/vc_column_text]<\/div><\/div><!-- \/.sc_content -->[vc_empty_space hide_on_mobile=\u00bb\u00bb][vc_empty_space hide_on_mobile=\u00bb\u00bb]<div id=\"sc_content_843593728\"\n\t\tclass=\"sc_content sc_content_default\"><div class=\"sc_content_container\">[vc_column_text]<\/p>\n<h6 style=\"text-align: left;\"><strong>Viabilidad<\/strong><\/h6>\n<p>[\/vc_column_text]<\/div><\/div><!-- \/.sc_content -->[vc_empty_space hide_on_mobile=\u00bb\u00bb][vc_empty_space hide_on_mobile=\u00bb\u00bb][vc_single_image image=\u00bb2715&#8243; img_size=\u00bblarge\u00bb alignment=\u00bbcenter\u00bb][vc_empty_space hide_on_mobile=\u00bb\u00bb][vc_empty_space hide_on_mobile=\u00bb\u00bb]<div id=\"sc_content_1817547186\"\n\t\tclass=\"sc_content sc_content_default\"><div class=\"sc_content_container\">[vc_column_text]<\/p>\n<p style=\"text-align: justify;\">La v\u00eda m\u00e1s importante es la Panamericana que permite la integraci\u00f3n del cant\u00f3n Santa Rosa con las provincias del Norte del pa\u00eds (Guayas y\u00a0 Loja) y el Sur de la rep\u00fablica del Per\u00fa, por esta raz\u00f3n, y por su ubicaci\u00f3n en el centro de la provincia, su cabecera cantonal es considerada una ciudad de paso.<\/p>\n<p>[\/vc_column_text]<\/div><\/div><!-- \/.sc_content -->[vc_empty_space hide_on_mobile=\u00bb\u00bb][vc_empty_space hide_on_mobile=\u00bb\u00bb][\/vc_column][vc_column width=\u00bb1\/6&#8243;][\/vc_column][\/vc_row]<\/p>\n","protected":false},"excerpt":{"rendered":"<p>[vc_row][vc_column][vc_empty_space hide_on_mobile=\u00bb\u00bb][vc_empty_space hide_on_mobile=\u00bb\u00bb][vc_empty_space hide_on_mobile=\u00bb\u00bb][\/vc_column][\/vc_row][vc_row][vc_column width=\u00bb1\/6&#8243;][\/vc_column][vc_column width=\u00bb2\/3&#8243;][vc_empty_space hide_on_mobile=\u00bb\u00bb][vc_empty_space hide_on_mobile=\u00bb\u00bb][vc_single_image image=\u00bb2714&#8243; img_size=\u00bblarge\u00bb alignment=\u00bbcenter\u00bb][vc_empty_space hide_on_mobile=\u00bb\u00bb][vc_empty_space hide_on_mobile=\u00bb\u00bb][vc_column_text] Parroquias Superficie (Has) Porcentaje % Bellamaria 9.117 9.66 Bellavista 4.527 4.79 Jambel\u00ed 41.706 44.16 La Avanzada 6.132 6.49 La Victoria 13.965 14.79 San Antonio 2.524 2.67 Torata&hellip;<\/p>\n","protected":false},"author":1,"featured_media":0,"parent":0,"menu_order":0,"comment_status":"closed","ping_status":"closed","template":"","meta":{"footnotes":""},"class_list":["post-1119","page","type-page","status-publish","hentry"],"yoast_head":"<!-- This site is optimized with the Yoast SEO plugin v26.8 - https:\/\/yoast.com\/product\/yoast-seo-wordpress\/ -->\n<title>Geograf\u00eda y Ubicaci\u00f3n - GAD Municipal del Cant\u00f3n Santa Rosa<\/title>\n<meta name=\"robots\" content=\"index, follow, max-snippet:-1, max-image-preview:large, max-video-preview:-1\" \/>\n<link rel=\"canonical\" href=\"https:\/\/www.santarosa.gob.ec\/web\/geografia-y-ubicacion\/\" \/>\n<meta property=\"og:locale\" content=\"es_ES\" \/>\n<meta property=\"og:type\" content=\"article\" \/>\n<meta property=\"og:title\" content=\"Geograf\u00eda y Ubicaci\u00f3n - GAD Municipal del Cant\u00f3n Santa Rosa\" \/>\n<meta property=\"og:description\" content=\"[vc_row][vc_column][vc_empty_space hide_on_mobile=\u00bb\u00bb][vc_empty_space hide_on_mobile=\u00bb\u00bb][vc_empty_space hide_on_mobile=\u00bb\u00bb][\/vc_column][\/vc_row][vc_row][vc_column width=\u00bb1\/6&#8243;][\/vc_column][vc_column width=\u00bb2\/3&#8243;][vc_empty_space hide_on_mobile=\u00bb\u00bb][vc_empty_space hide_on_mobile=\u00bb\u00bb][vc_single_image image=\u00bb2714&#8243; img_size=\u00bblarge\u00bb alignment=\u00bbcenter\u00bb][vc_empty_space hide_on_mobile=\u00bb\u00bb][vc_empty_space hide_on_mobile=\u00bb\u00bb][vc_column_text] Parroquias Superficie (Has) Porcentaje % Bellamaria 9.117 9.66 Bellavista 4.527 4.79 Jambel\u00ed 41.706 44.16 La Avanzada 6.132 6.49 La Victoria 13.965 14.79 San Antonio 2.524 2.67 Torata&hellip;\" \/>\n<meta property=\"og:url\" content=\"https:\/\/www.santarosa.gob.ec\/web\/geografia-y-ubicacion\/\" \/>\n<meta property=\"og:site_name\" content=\"GAD Municipal del Cant\u00f3n Santa Rosa\" \/>\n<meta property=\"article:modified_time\" content=\"2020-09-28T20:23:29+00:00\" \/>\n<meta name=\"twitter:card\" content=\"summary_large_image\" \/>\n<meta name=\"twitter:label1\" content=\"Tiempo de lectura\" \/>\n\t<meta name=\"twitter:data1\" content=\"6 minutos\" \/>\n<script type=\"application\/ld+json\" class=\"yoast-schema-graph\">{\"@context\":\"https:\/\/schema.org\",\"@graph\":[{\"@type\":\"WebPage\",\"@id\":\"https:\/\/www.santarosa.gob.ec\/web\/geografia-y-ubicacion\/\",\"url\":\"https:\/\/www.santarosa.gob.ec\/web\/geografia-y-ubicacion\/\",\"name\":\"Geograf\u00eda y Ubicaci\u00f3n - GAD Municipal del Cant\u00f3n Santa Rosa\",\"isPartOf\":{\"@id\":\"https:\/\/www.santarosa.gob.ec\/web\/#website\"},\"datePublished\":\"2020-05-29T02:31:27+00:00\",\"dateModified\":\"2020-09-28T20:23:29+00:00\",\"breadcrumb\":{\"@id\":\"https:\/\/www.santarosa.gob.ec\/web\/geografia-y-ubicacion\/#breadcrumb\"},\"inLanguage\":\"es\",\"potentialAction\":[{\"@type\":\"ReadAction\",\"target\":[\"https:\/\/www.santarosa.gob.ec\/web\/geografia-y-ubicacion\/\"]}]},{\"@type\":\"BreadcrumbList\",\"@id\":\"https:\/\/www.santarosa.gob.ec\/web\/geografia-y-ubicacion\/#breadcrumb\",\"itemListElement\":[{\"@type\":\"ListItem\",\"position\":1,\"name\":\"Portada\",\"item\":\"https:\/\/www.santarosa.gob.ec\/web\/\"},{\"@type\":\"ListItem\",\"position\":2,\"name\":\"Geograf\u00eda y Ubicaci\u00f3n\"}]},{\"@type\":\"WebSite\",\"@id\":\"https:\/\/www.santarosa.gob.ec\/web\/#website\",\"url\":\"https:\/\/www.santarosa.gob.ec\/web\/\",\"name\":\"GAD Municipal del Cant\u00f3n Santa Rosa\",\"description\":\"\",\"potentialAction\":[{\"@type\":\"SearchAction\",\"target\":{\"@type\":\"EntryPoint\",\"urlTemplate\":\"https:\/\/www.santarosa.gob.ec\/web\/?s={search_term_string}\"},\"query-input\":{\"@type\":\"PropertyValueSpecification\",\"valueRequired\":true,\"valueName\":\"search_term_string\"}}],\"inLanguage\":\"es\"}]}<\/script>\n<!-- \/ Yoast SEO plugin. -->","yoast_head_json":{"title":"Geograf\u00eda y Ubicaci\u00f3n - GAD Municipal del Cant\u00f3n Santa Rosa","robots":{"index":"index","follow":"follow","max-snippet":"max-snippet:-1","max-image-preview":"max-image-preview:large","max-video-preview":"max-video-preview:-1"},"canonical":"https:\/\/www.santarosa.gob.ec\/web\/geografia-y-ubicacion\/","og_locale":"es_ES","og_type":"article","og_title":"Geograf\u00eda y Ubicaci\u00f3n - GAD Municipal del Cant\u00f3n Santa Rosa","og_description":"[vc_row][vc_column][vc_empty_space hide_on_mobile=\u00bb\u00bb][vc_empty_space hide_on_mobile=\u00bb\u00bb][vc_empty_space hide_on_mobile=\u00bb\u00bb][\/vc_column][\/vc_row][vc_row][vc_column width=\u00bb1\/6&#8243;][\/vc_column][vc_column width=\u00bb2\/3&#8243;][vc_empty_space hide_on_mobile=\u00bb\u00bb][vc_empty_space hide_on_mobile=\u00bb\u00bb][vc_single_image image=\u00bb2714&#8243; img_size=\u00bblarge\u00bb alignment=\u00bbcenter\u00bb][vc_empty_space hide_on_mobile=\u00bb\u00bb][vc_empty_space hide_on_mobile=\u00bb\u00bb][vc_column_text] Parroquias Superficie (Has) Porcentaje % Bellamaria 9.117 9.66 Bellavista 4.527 4.79 Jambel\u00ed 41.706 44.16 La Avanzada 6.132 6.49 La Victoria 13.965 14.79 San Antonio 2.524 2.67 Torata&hellip;","og_url":"https:\/\/www.santarosa.gob.ec\/web\/geografia-y-ubicacion\/","og_site_name":"GAD Municipal del Cant\u00f3n Santa Rosa","article_modified_time":"2020-09-28T20:23:29+00:00","twitter_card":"summary_large_image","twitter_misc":{"Tiempo de lectura":"6 minutos"},"schema":{"@context":"https:\/\/schema.org","@graph":[{"@type":"WebPage","@id":"https:\/\/www.santarosa.gob.ec\/web\/geografia-y-ubicacion\/","url":"https:\/\/www.santarosa.gob.ec\/web\/geografia-y-ubicacion\/","name":"Geograf\u00eda y Ubicaci\u00f3n - GAD Municipal del Cant\u00f3n Santa Rosa","isPartOf":{"@id":"https:\/\/www.santarosa.gob.ec\/web\/#website"},"datePublished":"2020-05-29T02:31:27+00:00","dateModified":"2020-09-28T20:23:29+00:00","breadcrumb":{"@id":"https:\/\/www.santarosa.gob.ec\/web\/geografia-y-ubicacion\/#breadcrumb"},"inLanguage":"es","potentialAction":[{"@type":"ReadAction","target":["https:\/\/www.santarosa.gob.ec\/web\/geografia-y-ubicacion\/"]}]},{"@type":"BreadcrumbList","@id":"https:\/\/www.santarosa.gob.ec\/web\/geografia-y-ubicacion\/#breadcrumb","itemListElement":[{"@type":"ListItem","position":1,"name":"Portada","item":"https:\/\/www.santarosa.gob.ec\/web\/"},{"@type":"ListItem","position":2,"name":"Geograf\u00eda y Ubicaci\u00f3n"}]},{"@type":"WebSite","@id":"https:\/\/www.santarosa.gob.ec\/web\/#website","url":"https:\/\/www.santarosa.gob.ec\/web\/","name":"GAD Municipal del Cant\u00f3n Santa Rosa","description":"","potentialAction":[{"@type":"SearchAction","target":{"@type":"EntryPoint","urlTemplate":"https:\/\/www.santarosa.gob.ec\/web\/?s={search_term_string}"},"query-input":{"@type":"PropertyValueSpecification","valueRequired":true,"valueName":"search_term_string"}}],"inLanguage":"es"}]}},"_links":{"self":[{"href":"https:\/\/www.santarosa.gob.ec\/web\/wp-json\/wp\/v2\/pages\/1119","targetHints":{"allow":["GET"]}}],"collection":[{"href":"https:\/\/www.santarosa.gob.ec\/web\/wp-json\/wp\/v2\/pages"}],"about":[{"href":"https:\/\/www.santarosa.gob.ec\/web\/wp-json\/wp\/v2\/types\/page"}],"author":[{"embeddable":true,"href":"https:\/\/www.santarosa.gob.ec\/web\/wp-json\/wp\/v2\/users\/1"}],"replies":[{"embeddable":true,"href":"https:\/\/www.santarosa.gob.ec\/web\/wp-json\/wp\/v2\/comments?post=1119"}],"version-history":[{"count":0,"href":"https:\/\/www.santarosa.gob.ec\/web\/wp-json\/wp\/v2\/pages\/1119\/revisions"}],"wp:attachment":[{"href":"https:\/\/www.santarosa.gob.ec\/web\/wp-json\/wp\/v2\/media?parent=1119"}],"curies":[{"name":"wp","href":"https:\/\/api.w.org\/{rel}","templated":true}]}}