{"id":1091,"date":"2020-05-28T21:43:41","date_gmt":"2020-05-28T21:43:41","guid":{"rendered":"http:\/\/www.santarosa.gob.ec\/web\/?page_id=1091"},"modified":"2025-05-29T15:29:25","modified_gmt":"2025-05-29T20:29:25","slug":"comisiones","status":"publish","type":"page","link":"https:\/\/www.santarosa.gob.ec\/web\/comisiones\/","title":{"rendered":"COMISIONES DEL G.A.D. MUNICIPAL DEL CANT\u00d3N SANTA ROSA"},"content":{"rendered":"<p>[vc_row][vc_column width=\u00bb1\/6&#8243;][\/vc_column][vc_column width=\u00bb2\/3&#8243;][vc_empty_space hide_on_mobile=\u00bb\u00bb][vc_empty_space hide_on_mobile=\u00bb\u00bb][vc_empty_space hide_on_mobile=\u00bb\u00bb][vc_empty_space hide_on_mobile=\u00bb\u00bb][vc_empty_space hide_on_mobile=\u00bb\u00bb]<div id=\"sc_content_72651436\"\n\t\tclass=\"sc_content sc_content_default\"><div class=\"sc_content_container\">[vc_column_text]<\/p>\n<h5><strong>1. COMISI\u00d3N DE MESA<\/strong><\/h5>\n<ol>\n<li style=\"list-style-type: none;\">\n<ol>\n<li style=\"list-style-type: none;\">\n<ol>\n<li>Ing. Larry Vite Cevallos\u00a0 \u00a0 \u00a0 \u00a0 \u00a0 \u00a0 \u00a0 \u00a0 \u00a0 \u00a0 \u00a0 \u00a0 \u00a0 \u00a0 \u00a0 \u00a0 \u00a0 \u00a0 \u00a0 \u00a0 \u00a0 \u00a0 \u00a0 <strong>PRESIDENTE<\/strong><\/li>\n<li>Mgs. Sandy Jahaira Gonzaga A\u00f1azco\u00a0 \u00a0 \u00a0 \u00a0 \u00a0 \u00a0 \u00a0 \u00a0 \u00a0 \u00a0 \u00a0 \u00a0VICEPRESIDENTA<\/li>\n<li>Sr. Javier Alexander Medina Noblecilla\u00a0 \u00a0 \u00a0 \u00a0 \u00a0 \u00a0 \u00a0 \u00a0 \u00a0 \u00a0 \u00a0DELEGADO DEL CONCEJO<\/li>\n<\/ol>\n<\/li>\n<\/ol>\n<\/li>\n<\/ol>\n<p>[\/vc_column_text]<\/div><\/div><!-- \/.sc_content -->[vc_empty_space hide_on_mobile=\u00bb\u00bb][vc_empty_space hide_on_mobile=\u00bb\u00bb]<div id=\"sc_content_1256174424\"\n\t\tclass=\"sc_content sc_content_default\"><div class=\"sc_content_container\">[vc_column_text]<\/p>\n<h5><strong>2. COMISI\u00d3N DE PLANIFICACI\u00d3N Y PRESUPUESTO<\/strong><\/h5>\n<ol>\n<li style=\"list-style-type: none;\">\n<ol>\n<li style=\"list-style-type: none;\">\n<ol>\n<li>Sr. Pedro Lucas Aragundi Lozano\u00a0 \u00a0 \u00a0 \u00a0 \u00a0 \u00a0 \u00a0 \u00a0 \u00a0 \u00a0 \u00a0 \u00a0 \u00a0 \u00a0<strong>PRESIDENTE<\/strong><\/li>\n<li>Mgs. Sandy Jahaira Gonzaga A\u00f1azco<\/li>\n<li>Sr. Javier Alexander Medina Noblecilla<\/li>\n<\/ol>\n<\/li>\n<\/ol>\n<\/li>\n<\/ol>\n<p>[\/vc_column_text]<\/div><\/div><!-- \/.sc_content -->[vc_empty_space hide_on_mobile=\u00bb\u00bb][vc_empty_space hide_on_mobile=\u00bb\u00bb]<div id=\"sc_content_193745262\"\n\t\tclass=\"sc_content sc_content_default\"><div class=\"sc_content_container\">[vc_column_text]<\/p>\n<h5><strong>3. COMISI\u00d3N DE ASUNTOS SOCIALES<\/strong><\/h5>\n<ol>\n<li style=\"list-style-type: none;\">\n<ol>\n<li style=\"list-style-type: none;\">\n<ol>\n<li>Mgs. Sandy Jahaira Gonzaga A\u00f1azco\u00a0 \u00a0 \u00a0 \u00a0 \u00a0 \u00a0 \u00a0 \u00a0 \u00a0 \u00a0 \u00a0 \u00a0 \u00a0 <strong>PRESIDENTA<\/strong><\/li>\n<li>Lic. Mirian Marlene Mart\u00ednez Mart\u00ednez<\/li>\n<li>Sra. Brigitte Mercedes Godoy Andrade<\/li>\n<\/ol>\n<\/li>\n<\/ol>\n<\/li>\n<\/ol>\n<p>[\/vc_column_text]<\/div><\/div><!-- \/.sc_content -->[vc_empty_space hide_on_mobile=\u00bb\u00bb][vc_empty_space hide_on_mobile=\u00bb\u00bb]<div id=\"sc_content_1109655929\"\n\t\tclass=\"sc_content sc_content_default\"><div class=\"sc_content_container\">[vc_column_text]<\/p>\n<h5><strong>4. COMISI\u00d3N DE TR\u00c1NSITO Y TERMINAL TERRESTRE<\/strong><\/h5>\n<ol>\n<li style=\"list-style-type: none;\">\n<ol>\n<li style=\"list-style-type: none;\">\n<ol>\n<li>Sr. Javier Alexander Medina Noblecilla \u00a0 \u00a0 \u00a0 \u00a0 \u00a0 \u00a0 \u00a0 \u00a0 \u00a0 \u00a0 \u00a0 \u00a0 <strong>PRESIDENTE<\/strong><\/li>\n<li>Ing. Fabiola Vanessa Duran Ganchoza, Mgs.<\/li>\n<li>Lic. Mirian Marlene Mart\u00ednez Mart\u00ednez<\/li>\n<\/ol>\n<\/li>\n<\/ol>\n<\/li>\n<\/ol>\n<p>[\/vc_column_text]<\/div><\/div><!-- \/.sc_content -->[vc_empty_space hide_on_mobile=\u00bb\u00bb][vc_empty_space hide_on_mobile=\u00bb\u00bb]<div id=\"sc_content_367820441\"\n\t\tclass=\"sc_content sc_content_default\"><div class=\"sc_content_container\">[vc_column_text]<\/p>\n<h5><strong>5. COMISI\u00d3N DE TERRENOS<\/strong><\/h5>\n<ol>\n<li style=\"list-style-type: none;\">\n<ol>\n<li style=\"list-style-type: none;\">\n<ol>\n<li>Sr. Pedro Lucas Aragundi Lozano \u00a0 \u00a0 \u00a0 \u00a0 \u00a0 \u00a0 \u00a0 \u00a0 \u00a0 \u00a0 \u00a0 \u00a0 \u00a0 \u00a0 \u00a0 <strong>PRESIDENTE<\/strong><\/li>\n<li>Lic. Mirian Marlene Mart\u00ednez Mart\u00ednez<\/li>\n<li>Sr. Javier Alexander Medina Noblecilla<\/li>\n<\/ol>\n<\/li>\n<\/ol>\n<\/li>\n<\/ol>\n<p>[\/vc_column_text]<\/div><\/div><!-- \/.sc_content -->[vc_empty_space hide_on_mobile=\u00bb\u00bb][vc_empty_space hide_on_mobile=\u00bb\u00bb]<div id=\"sc_content_178030607\"\n\t\tclass=\"sc_content sc_content_default\"><div class=\"sc_content_container\">[vc_column_text]<\/p>\n<h5><strong>6. COMISI\u00d3N DE NOMENCLATURA Y EDIFICACIONES<\/strong><\/h5>\n<ol>\n<li style=\"list-style-type: none;\">\n<ol>\n<li style=\"list-style-type: none;\">\n<ol>\n<li>Sr. Pedro Lucas Aragundi Lozano \u00a0 \u00a0 \u00a0 \u00a0 \u00a0 \u00a0 \u00a0 \u00a0 \u00a0 \u00a0 \u00a0 \u00a0 \u00a0 \u00a0 \u00a0<strong>PRESIDENTE<\/strong><\/li>\n<li>Lic. Mirian Marlene Mart\u00ednez Mart\u00ednez<\/li>\n<li>Sr. Javier Alexander Medina Noblecilla<\/li>\n<\/ol>\n<\/li>\n<\/ol>\n<\/li>\n<\/ol>\n<p>[\/vc_column_text]<\/div><\/div><!-- \/.sc_content -->[vc_empty_space hide_on_mobile=\u00bb\u00bb][vc_empty_space hide_on_mobile=\u00bb\u00bb]<div id=\"sc_content_1688230840\"\n\t\tclass=\"sc_content sc_content_default\"><div class=\"sc_content_container\">[vc_column_text]<\/p>\n<h5><strong>7. COMISI\u00d3N DE TURISMO<br \/>\n<\/strong><\/h5>\n<ol>\n<li style=\"list-style-type: none;\">\n<ol>\n<li style=\"list-style-type: none;\">\n<ol>\n<li>Sra. Brigitte Mercedes Godoy Andrade \u00a0 \u00a0 \u00a0 \u00a0 \u00a0 \u00a0 \u00a0 \u00a0 \u00a0 \u00a0 \u00a0 \u00a0 \u00a0<strong>PRESIDENTA<\/strong><\/li>\n<li>Lic. Mirian Marlene Mart\u00ednez Mart\u00ednez<\/li>\n<li>Prof. Jacinto Johnson Torres Macias<\/li>\n<\/ol>\n<\/li>\n<\/ol>\n<\/li>\n<\/ol>\n<p>[\/vc_column_text]<\/div><\/div><!-- \/.sc_content -->[vc_empty_space hide_on_mobile=\u00bb\u00bb][vc_empty_space hide_on_mobile=\u00bb\u00bb]<div id=\"sc_content_100918680\"\n\t\tclass=\"sc_content sc_content_default\"><div class=\"sc_content_container\">[vc_column_text]<\/p>\n<h5><strong>8. COMISI\u00d3N DE OBRAS P\u00daBLICAS<\/strong><\/h5>\n<ol>\n<li style=\"list-style-type: none;\">\n<ol>\n<li style=\"list-style-type: none;\">\n<ol>\n<li>Prof. Jacinto Johnson Torres Macias \u00a0 \u00a0 \u00a0 \u00a0 \u00a0 \u00a0 \u00a0 \u00a0 \u00a0 \u00a0 \u00a0 \u00a0 \u00a0 \u00a0 <strong>PRESIDENTE<\/strong><\/li>\n<li>Lic. Mirian Marlene Mart\u00ednez Mart\u00ednez<\/li>\n<li>Sr. Pedro Lucas Aragundi Lozano<\/li>\n<\/ol>\n<\/li>\n<\/ol>\n<\/li>\n<\/ol>\n<p>[\/vc_column_text]<\/div><\/div><!-- \/.sc_content -->[vc_empty_space hide_on_mobile=\u00bb\u00bb][vc_empty_space hide_on_mobile=\u00bb\u00bb]<div id=\"sc_content_190923459\"\n\t\tclass=\"sc_content sc_content_default\"><div class=\"sc_content_container\">[vc_column_text]<\/p>\n<h5><strong>9. COMISI\u00d3N DE MEDIO AMBIENTE<\/strong><\/h5>\n<ol>\n<li style=\"list-style-type: none;\">\n<ol>\n<li style=\"list-style-type: none;\">\n<ol>\n<li>Sr. Javier Alexander Medina Noblecilla \u00a0 \u00a0 \u00a0 \u00a0 \u00a0 \u00a0 \u00a0 \u00a0 \u00a0 \u00a0 \u00a0 \u00a0 \u00a0 \u00a0 \u00a0 \u00a0 <strong>PRESIDENTE<\/strong><\/li>\n<li>Lic. Mirian Marlene Mart\u00ednez Mart\u00ednez<\/li>\n<li>Sr. Pedro Lucas Aragundi Lozano<\/li>\n<\/ol>\n<\/li>\n<\/ol>\n<\/li>\n<\/ol>\n<p>[\/vc_column_text]<\/div><\/div><!-- \/.sc_content -->[vc_empty_space hide_on_mobile=\u00bb\u00bb][vc_empty_space hide_on_mobile=\u00bb\u00bb]<div id=\"sc_content_1345710421\"\n\t\tclass=\"sc_content sc_content_default\"><div class=\"sc_content_container\">[vc_column_text]<\/p>\n<h5><strong>10. COMISI\u00d3N DE SERVICIOS P\u00daBLICOS<\/strong><\/h5>\n<ol>\n<li style=\"list-style-type: none;\">\n<ol>\n<li style=\"list-style-type: none;\">\n<ol>\n<li>Mgs. Fabiola Vanessa Duran Ganchoza\u00a0 \u00a0 \u00a0 \u00a0 \u00a0 \u00a0 \u00a0 \u00a0 \u00a0 \u00a0 \u00a0 \u00a0 \u00a0 \u00a0 \u00a0<strong>PRESIDENTA<\/strong><\/li>\n<li>Lic. Mirian Marlene Mart\u00ednez Mart\u00ednez<\/li>\n<li>Sr. Pedro Lucas Aragundi Lozano<\/li>\n<\/ol>\n<\/li>\n<\/ol>\n<\/li>\n<\/ol>\n<p>[\/vc_column_text]<\/div><\/div><!-- \/.sc_content -->[vc_empty_space hide_on_mobile=\u00bb\u00bb][vc_empty_space hide_on_mobile=\u00bb\u00bb]<div id=\"sc_content_639275345\"\n\t\tclass=\"sc_content sc_content_default\"><div class=\"sc_content_container\">[vc_column_text]<\/p>\n<h5><strong>11. COMISI\u00d3N DE SERVICIOS B\u00c1SICOS<\/strong><\/h5>\n<ol>\n<li style=\"list-style-type: none;\">\n<ol>\n<li style=\"list-style-type: none;\">\n<ol>\n<li>Sr. Javier Medina Noblecilla\u00a0 \u00a0 \u00a0 \u00a0 \u00a0 \u00a0 \u00a0 \u00a0 \u00a0 \u00a0 \u00a0 \u00a0 \u00a0 \u00a0 \u00a0 \u00a0 \u00a0 \u00a0 \u00a0 \u00a0 \u00a0 \u00a0 \u00a0 \u00a0 \u00a0 \u00a0 <strong>PRESIDENTE<\/strong><\/li>\n<li>Mgs. Sandy Jahaira Gonzaga A\u00f1azco<\/li>\n<li>Sra. Brigitte Mercedes Godoy Andrade<\/li>\n<\/ol>\n<\/li>\n<\/ol>\n<\/li>\n<\/ol>\n<p>[\/vc_column_text]<\/div><\/div><!-- \/.sc_content -->[vc_empty_space hide_on_mobile=\u00bb\u00bb][vc_empty_space hide_on_mobile=\u00bb\u00bb]<div id=\"sc_content_2059343883\"\n\t\tclass=\"sc_content sc_content_default\"><div class=\"sc_content_container\">[vc_column_text]<\/p>\n<h5><strong>12. COMISI\u00d3N DE IGUALDAD Y G\u00c9NERO<\/strong><\/h5>\n<ol>\n<li style=\"list-style-type: none;\">\n<ol>\n<li style=\"list-style-type: none;\">\n<ol>\n<li>Mgs. Fabiola Vanessa Duran Ganchoza \u00a0 \u00a0 \u00a0 \u00a0 \u00a0 \u00a0 \u00a0 \u00a0 \u00a0 \u00a0 \u00a0 \u00a0 \u00a0 \u00a0<strong>PRESIDENTA<\/strong><\/li>\n<li>Prof. Jacinto Johnson Torres Mac\u00edas<\/li>\n<li>Lic. Mirian Marlene Mart\u00ednez Mart\u00ednez<\/li>\n<\/ol>\n<\/li>\n<\/ol>\n<\/li>\n<\/ol>\n<p>[\/vc_column_text]<\/div><\/div><!-- \/.sc_content -->[vc_empty_space hide_on_mobile=\u00bb\u00bb][vc_empty_space hide_on_mobile=\u00bb\u00bb]<div id=\"sc_content_80997558\"\n\t\tclass=\"sc_content sc_content_default\"><div class=\"sc_content_container\">[vc_column_text]<\/p>\n<h5><strong>13. COMISI\u00d3N DE CULTURA<\/strong><\/h5>\n<ol>\n<li style=\"list-style-type: none;\">\n<ol>\n<li style=\"list-style-type: none;\">\n<ol>\n<li>Lic. Mirian Marlene Mart\u00ednez Mart\u00ednez \u00a0 \u00a0 \u00a0 \u00a0 \u00a0 \u00a0 \u00a0 \u00a0 \u00a0 \u00a0 \u00a0 \u00a0 \u00a0 \u00a0<strong>PRESIDENTA<\/strong><\/li>\n<li>Mgs. Fabiola Vanessa Duran Ganchoza<\/li>\n<li>Prof. Jacinto Johnson Torres Mac\u00edas<\/li>\n<\/ol>\n<\/li>\n<\/ol>\n<\/li>\n<\/ol>\n<p>[\/vc_column_text]<\/div><\/div><!-- \/.sc_content -->[vc_empty_space hide_on_mobile=\u00bb\u00bb][vc_empty_space hide_on_mobile=\u00bb\u00bb]<div id=\"sc_content_19915326\"\n\t\tclass=\"sc_content sc_content_default\"><div class=\"sc_content_container\">[vc_column_text]<\/p>\n<h5><strong>14. COMISI\u00d3N DE DEPORTE<\/strong><\/h5>\n<ol>\n<li style=\"list-style-type: none;\">\n<ol>\n<li style=\"list-style-type: none;\">\n<ol>\n<li>Prof. Jacinto Johnson Torres Mac\u00edas \u00a0 \u00a0 \u00a0 \u00a0 \u00a0 \u00a0 \u00a0 \u00a0 \u00a0 \u00a0 \u00a0 \u00a0 \u00a0 \u00a0 \u00a0<strong>PRESIDENTE<\/strong><\/li>\n<li>Sr. Pedro Lucas Aragundi Lozano<\/li>\n<li>Sr. Javier Alexander Medina Noblecilla<\/li>\n<\/ol>\n<\/li>\n<\/ol>\n<\/li>\n<\/ol>\n<p>[\/vc_column_text]<\/div><\/div><!-- \/.sc_content -->[vc_empty_space hide_on_mobile=\u00bb\u00bb][vc_empty_space hide_on_mobile=\u00bb\u00bb]<div id=\"sc_content_1593795075\"\n\t\tclass=\"sc_content sc_content_default\"><div class=\"sc_content_container\">[vc_column_text]<\/p>\n<h5><strong>15. COMISI\u00d3N DE SEGURIDAD<\/strong><\/h5>\n<ol>\n<li style=\"list-style-type: none;\">\n<ol>\n<li style=\"list-style-type: none;\">\n<ol>\n<li>Prof. Jacinto Johnson Torres Mac\u00edas \u00a0 \u00a0 \u00a0 \u00a0 \u00a0 \u00a0 \u00a0 \u00a0 \u00a0 \u00a0 \u00a0 \u00a0 \u00a0 \u00a0 <strong>PRESIDENTE<\/strong><\/li>\n<li>Mgs. Fabiola Vanessa Duran Ganchoza<\/li>\n<li>Sra. Brigitte Mercedes Godoy Andrade<\/li>\n<\/ol>\n<\/li>\n<\/ol>\n<\/li>\n<\/ol>\n<p>[\/vc_column_text]<\/div><\/div><!-- \/.sc_content -->[vc_empty_space hide_on_mobile=\u00bb\u00bb][vc_empty_space hide_on_mobile=\u00bb\u00bb]<div id=\"sc_content_33433286\"\n\t\tclass=\"sc_content sc_content_default\"><div class=\"sc_content_container\">[vc_column_text]<\/p>\n<h5><strong>16. COMISI\u00d3N DE ORDENAMIENTO TERRITORIAL<\/strong><\/h5>\n<ol>\n<li style=\"list-style-type: none;\">\n<ol>\n<li style=\"list-style-type: none;\">\n<ol>\n<li>Ing. Fabiola Vanessa Dur\u00e1n Ganchoza, Mgs.\u00a0 \u00a0 \u00a0 \u00a0 \u00a0 \u00a0 \u00a0 \u00a0 \u00a0 \u00a0 \u00a0 \u00a0 <strong>PRESIDENTA<\/strong><\/li>\n<li>Prof. Jacinto Johnson Torres Mac\u00edas<\/li>\n<li>Ing. Sandy Jahaira Gonzaga A\u00f1azco, Mgs.<\/li>\n<\/ol>\n<\/li>\n<\/ol>\n<\/li>\n<\/ol>\n<p>[\/vc_column_text]<\/div><\/div><!-- \/.sc_content -->[vc_empty_space hide_on_mobile=\u00bb\u00bb][vc_empty_space hide_on_mobile=\u00bb\u00bb][vc_empty_space hide_on_mobile=\u00bb\u00bb][vc_empty_space hide_on_mobile=\u00bb\u00bb]<div id=\"sc_content_176582625\"\n\t\tclass=\"sc_content sc_content_default\"><div class=\"sc_content_container\">[vc_column_text]<\/p>\n<h5><strong>17. CONCEJAL DESIGNADO POR EL ALCALDE ANTE EL DIRECTORIO DE LA EMASEP-EP<\/strong><\/h5>\n<ol>\n<li style=\"list-style-type: none;\">\n<ol>\n<li style=\"list-style-type: none;\">\n<ol>\n<li>MGS. SANDY JAHAIRA GONZAGA A\u00d1AZCO<\/li>\n<\/ol>\n<\/li>\n<\/ol>\n<\/li>\n<\/ol>\n<p>[\/vc_column_text]<\/div><\/div><!-- \/.sc_content -->[vc_empty_space hide_on_mobile=\u00bb\u00bb][vc_empty_space hide_on_mobile=\u00bb\u00bb]<div id=\"sc_content_1698195777\"\n\t\tclass=\"sc_content sc_content_default sc_float_center\"><div class=\"sc_content_container\">[vc_column_text]<\/p>\n<h5><strong>18. CONCEJAL DESIGNADO POR EL ALCALDE PARA SER PARTE DEL COMIT\u00c9 DE ADMINISTRACI\u00d3N Y PLANIFICACI\u00d3N DEL CUERPO DE BOMBEROS MUNICIPAL DEL CANT\u00d3N SANTA ROSA<\/strong><\/h5>\n<ol>\n<li style=\"list-style-type: none;\">\n<ol>\n<li style=\"list-style-type: none;\">\n<ol>\n<li>SR. PEDRO LUCAS ARAGUNDI LOZANO<\/li>\n<\/ol>\n<\/li>\n<\/ol>\n<\/li>\n<\/ol>\n<p>[\/vc_column_text]<\/div><\/div><!-- \/.sc_content -->[vc_empty_space hide_on_mobile=\u00bb\u00bb][vc_empty_space hide_on_mobile=\u00bb\u00bb]<div id=\"sc_content_297928209\"\n\t\tclass=\"sc_content sc_content_default\"><div class=\"sc_content_container\">[vc_column_text]<\/p>\n<h5><strong>19. CONCEJAL REPRESENTANTE DEL CONCEJO MUNICIPAL A LA ASAMBLEA CANTONAL DE PARTICIPACI\u00d3N CIUDADANA DEL CANT\u00d3N SANTA ROSA<\/strong><\/h5>\n<ol>\n<li style=\"list-style-type: none;\">\n<ol>\n<li style=\"list-style-type: none;\">\n<ol>\n<li>MGS. SANDY JAHAIRA GONZAGA A\u00d1AZCO<\/li>\n<\/ol>\n<\/li>\n<\/ol>\n<\/li>\n<\/ol>\n<p>[\/vc_column_text]<\/div><\/div><!-- \/.sc_content -->[vc_empty_space hide_on_mobile=\u00bb\u00bb][vc_empty_space hide_on_mobile=\u00bb\u00bb]<div id=\"sc_content_1541233961\"\n\t\tclass=\"sc_content sc_content_default\"><div class=\"sc_content_container\">[vc_column_text]<\/p>\n<h5><strong>20. CONCEJAL REPRESENTANTE DEL CONCEJO MUNICIPAL A LA JUNTA CANTONAL DE PROTECCI\u00d3N DE DERECHOS DEL CANT\u00d3N SANTA ROSA<\/strong><\/h5>\n<ol>\n<li style=\"list-style-type: none;\">\n<ol>\n<li style=\"list-style-type: none;\">\n<ol>\n<li>LIC. MIRIAN MARLENE MART\u00cdNEZ MART\u00cdNEZ<\/li>\n<\/ol>\n<\/li>\n<\/ol>\n<\/li>\n<\/ol>\n<p>[\/vc_column_text]<\/div><\/div><!-- \/.sc_content -->[vc_empty_space hide_on_mobile=\u00bb\u00bb][vc_empty_space hide_on_mobile=\u00bb\u00bb]<div id=\"sc_content_802317316\"\n\t\tclass=\"sc_content sc_content_default\"><div class=\"sc_content_container\">[vc_column_text]<\/p>\n<h5><strong>21. CONCEJAL REPRESENTANTE DEL LEGISLATIVO LOCAL, AL CONSEJO CANTONAL DE PLANIFICACI\u00d3N, CON LO DISPUESTO EN EL ART. 58, LITERAL c) DEL COOTAD A LA ASAMBLEA CANTONAL DE PARTICIPACI\u00d3N CIUDADANA DEL CANT\u00d3N SANTA ROSA<\/strong><\/h5>\n<ol>\n<li style=\"list-style-type: none;\">\n<ol>\n<li style=\"list-style-type: none;\">\n<ol>\n<li>SR. PEDRO LUCAS ARAGUNDI LOZANO<\/li>\n<\/ol>\n<\/li>\n<\/ol>\n<\/li>\n<\/ol>\n<p>[\/vc_column_text]<\/div><\/div><!-- \/.sc_content -->[vc_empty_space hide_on_mobile=\u00bb\u00bb][vc_empty_space hide_on_mobile=\u00bb\u00bb]<div id=\"sc_content_1920165861\"\n\t\tclass=\"sc_content sc_content_default\"><div class=\"sc_content_container\">[vc_column_text]<strong>22. CONCEJALA DELEGADA PERMANENTE A LA MESA INTERINSTITUCIONAL PARA PREVENIR Y ERRADICAR LA VIOLENCIA CONTRA LAS MUJERES<\/strong><\/p>\n<ol>\n<li style=\"list-style-type: none;\">\n<ol>\n<li style=\"list-style-type: none;\">\n<ol>\n<li>SRA. BRIGITTE MERCEDES GODOY ANDRADE<\/li>\n<\/ol>\n<\/li>\n<\/ol>\n<\/li>\n<\/ol>\n<p>[\/vc_column_text]<\/div><\/div><!-- \/.sc_content -->[vc_empty_space hide_on_mobile=\u00bb\u00bb][vc_empty_space hide_on_mobile=\u00bb\u00bb][vc_empty_space hide_on_mobile=\u00bb\u00bb][vc_empty_space hide_on_mobile=\u00bb\u00bb][vc_empty_space hide_on_mobile=\u00bb\u00bb][\/vc_column][vc_column width=\u00bb1\/6&#8243;][\/vc_column][\/vc_row]<\/p>\n","protected":false},"excerpt":{"rendered":"<p>[vc_row][vc_column width=\u00bb1\/6&#8243;][\/vc_column][vc_column width=\u00bb2\/3&#8243;][vc_empty_space hide_on_mobile=\u00bb\u00bb][vc_empty_space hide_on_mobile=\u00bb\u00bb][vc_empty_space hide_on_mobile=\u00bb\u00bb][vc_empty_space hide_on_mobile=\u00bb\u00bb][vc_empty_space hide_on_mobile=\u00bb\u00bb][vc_empty_space hide_on_mobile=\u00bb\u00bb][vc_empty_space hide_on_mobile=\u00bb\u00bb][vc_empty_space hide_on_mobile=\u00bb\u00bb][vc_empty_space hide_on_mobile=\u00bb\u00bb][vc_empty_space hide_on_mobile=\u00bb\u00bb][vc_empty_space hide_on_mobile=\u00bb\u00bb][vc_empty_space hide_on_mobile=\u00bb\u00bb][vc_empty_space hide_on_mobile=\u00bb\u00bb][vc_empty_space hide_on_mobile=\u00bb\u00bb][vc_empty_space hide_on_mobile=\u00bb\u00bb][vc_empty_space hide_on_mobile=\u00bb\u00bb][vc_empty_space hide_on_mobile=\u00bb\u00bb][vc_empty_space hide_on_mobile=\u00bb\u00bb][vc_empty_space hide_on_mobile=\u00bb\u00bb][vc_empty_space hide_on_mobile=\u00bb\u00bb][vc_empty_space hide_on_mobile=\u00bb\u00bb][vc_empty_space hide_on_mobile=\u00bb\u00bb][vc_empty_space hide_on_mobile=\u00bb\u00bb][vc_empty_space hide_on_mobile=\u00bb\u00bb][vc_empty_space hide_on_mobile=\u00bb\u00bb][vc_empty_space hide_on_mobile=\u00bb\u00bb][vc_empty_space hide_on_mobile=\u00bb\u00bb][vc_empty_space hide_on_mobile=\u00bb\u00bb][vc_empty_space hide_on_mobile=\u00bb\u00bb][vc_empty_space hide_on_mobile=\u00bb\u00bb][vc_empty_space hide_on_mobile=\u00bb\u00bb][vc_empty_space hide_on_mobile=\u00bb\u00bb][vc_empty_space hide_on_mobile=\u00bb\u00bb][vc_empty_space hide_on_mobile=\u00bb\u00bb][vc_empty_space hide_on_mobile=\u00bb\u00bb][vc_empty_space hide_on_mobile=\u00bb\u00bb][vc_empty_space hide_on_mobile=\u00bb\u00bb][vc_empty_space&hellip;<\/p>\n","protected":false},"author":1,"featured_media":0,"parent":0,"menu_order":0,"comment_status":"closed","ping_status":"closed","template":"","meta":{"footnotes":""},"class_list":["post-1091","page","type-page","status-publish","hentry"],"yoast_head":"<!-- This site is optimized with the Yoast SEO plugin v26.8 - https:\/\/yoast.com\/product\/yoast-seo-wordpress\/ -->\n<title>COMISIONES DEL G.A.D. MUNICIPAL DEL CANT\u00d3N SANTA ROSA - GAD Municipal del Cant\u00f3n Santa Rosa<\/title>\n<meta name=\"robots\" content=\"index, follow, max-snippet:-1, max-image-preview:large, max-video-preview:-1\" \/>\n<link rel=\"canonical\" href=\"https:\/\/www.santarosa.gob.ec\/web\/comisiones\/\" \/>\n<meta property=\"og:locale\" content=\"es_ES\" \/>\n<meta property=\"og:type\" content=\"article\" \/>\n<meta property=\"og:title\" content=\"COMISIONES DEL G.A.D. MUNICIPAL DEL CANT\u00d3N SANTA ROSA - GAD Municipal del Cant\u00f3n Santa Rosa\" \/>\n<meta property=\"og:description\" content=\"[vc_row][vc_column width=\u00bb1\/6&#8243;][\/vc_column][vc_column width=\u00bb2\/3&#8243;][vc_empty_space hide_on_mobile=\u00bb\u00bb][vc_empty_space hide_on_mobile=\u00bb\u00bb][vc_empty_space hide_on_mobile=\u00bb\u00bb][vc_empty_space hide_on_mobile=\u00bb\u00bb][vc_empty_space hide_on_mobile=\u00bb\u00bb][vc_empty_space hide_on_mobile=\u00bb\u00bb][vc_empty_space hide_on_mobile=\u00bb\u00bb][vc_empty_space hide_on_mobile=\u00bb\u00bb][vc_empty_space hide_on_mobile=\u00bb\u00bb][vc_empty_space hide_on_mobile=\u00bb\u00bb][vc_empty_space hide_on_mobile=\u00bb\u00bb][vc_empty_space hide_on_mobile=\u00bb\u00bb][vc_empty_space hide_on_mobile=\u00bb\u00bb][vc_empty_space hide_on_mobile=\u00bb\u00bb][vc_empty_space hide_on_mobile=\u00bb\u00bb][vc_empty_space hide_on_mobile=\u00bb\u00bb][vc_empty_space hide_on_mobile=\u00bb\u00bb][vc_empty_space hide_on_mobile=\u00bb\u00bb][vc_empty_space hide_on_mobile=\u00bb\u00bb][vc_empty_space hide_on_mobile=\u00bb\u00bb][vc_empty_space hide_on_mobile=\u00bb\u00bb][vc_empty_space hide_on_mobile=\u00bb\u00bb][vc_empty_space hide_on_mobile=\u00bb\u00bb][vc_empty_space hide_on_mobile=\u00bb\u00bb][vc_empty_space hide_on_mobile=\u00bb\u00bb][vc_empty_space hide_on_mobile=\u00bb\u00bb][vc_empty_space hide_on_mobile=\u00bb\u00bb][vc_empty_space hide_on_mobile=\u00bb\u00bb][vc_empty_space hide_on_mobile=\u00bb\u00bb][vc_empty_space hide_on_mobile=\u00bb\u00bb][vc_empty_space hide_on_mobile=\u00bb\u00bb][vc_empty_space hide_on_mobile=\u00bb\u00bb][vc_empty_space hide_on_mobile=\u00bb\u00bb][vc_empty_space hide_on_mobile=\u00bb\u00bb][vc_empty_space hide_on_mobile=\u00bb\u00bb][vc_empty_space hide_on_mobile=\u00bb\u00bb][vc_empty_space hide_on_mobile=\u00bb\u00bb][vc_empty_space&hellip;\" \/>\n<meta property=\"og:url\" content=\"https:\/\/www.santarosa.gob.ec\/web\/comisiones\/\" \/>\n<meta property=\"og:site_name\" content=\"GAD Municipal del Cant\u00f3n Santa Rosa\" \/>\n<meta property=\"article:modified_time\" content=\"2025-05-29T20:29:25+00:00\" \/>\n<meta name=\"twitter:card\" content=\"summary_large_image\" \/>\n<meta name=\"twitter:label1\" content=\"Tiempo de lectura\" \/>\n\t<meta name=\"twitter:data1\" content=\"10 minutos\" \/>\n<script type=\"application\/ld+json\" class=\"yoast-schema-graph\">{\"@context\":\"https:\/\/schema.org\",\"@graph\":[{\"@type\":\"WebPage\",\"@id\":\"https:\/\/www.santarosa.gob.ec\/web\/comisiones\/\",\"url\":\"https:\/\/www.santarosa.gob.ec\/web\/comisiones\/\",\"name\":\"COMISIONES DEL G.A.D. MUNICIPAL DEL CANT\u00d3N SANTA ROSA - GAD Municipal del Cant\u00f3n Santa Rosa\",\"isPartOf\":{\"@id\":\"https:\/\/www.santarosa.gob.ec\/web\/#website\"},\"datePublished\":\"2020-05-28T21:43:41+00:00\",\"dateModified\":\"2025-05-29T20:29:25+00:00\",\"breadcrumb\":{\"@id\":\"https:\/\/www.santarosa.gob.ec\/web\/comisiones\/#breadcrumb\"},\"inLanguage\":\"es\",\"potentialAction\":[{\"@type\":\"ReadAction\",\"target\":[\"https:\/\/www.santarosa.gob.ec\/web\/comisiones\/\"]}]},{\"@type\":\"BreadcrumbList\",\"@id\":\"https:\/\/www.santarosa.gob.ec\/web\/comisiones\/#breadcrumb\",\"itemListElement\":[{\"@type\":\"ListItem\",\"position\":1,\"name\":\"Portada\",\"item\":\"https:\/\/www.santarosa.gob.ec\/web\/\"},{\"@type\":\"ListItem\",\"position\":2,\"name\":\"COMISIONES DEL G.A.D. MUNICIPAL DEL CANT\u00d3N SANTA ROSA\"}]},{\"@type\":\"WebSite\",\"@id\":\"https:\/\/www.santarosa.gob.ec\/web\/#website\",\"url\":\"https:\/\/www.santarosa.gob.ec\/web\/\",\"name\":\"GAD Municipal del Cant\u00f3n Santa Rosa\",\"description\":\"\",\"potentialAction\":[{\"@type\":\"SearchAction\",\"target\":{\"@type\":\"EntryPoint\",\"urlTemplate\":\"https:\/\/www.santarosa.gob.ec\/web\/?s={search_term_string}\"},\"query-input\":{\"@type\":\"PropertyValueSpecification\",\"valueRequired\":true,\"valueName\":\"search_term_string\"}}],\"inLanguage\":\"es\"}]}<\/script>\n<!-- \/ Yoast SEO plugin. -->","yoast_head_json":{"title":"COMISIONES DEL G.A.D. MUNICIPAL DEL CANT\u00d3N SANTA ROSA - GAD Municipal del Cant\u00f3n Santa Rosa","robots":{"index":"index","follow":"follow","max-snippet":"max-snippet:-1","max-image-preview":"max-image-preview:large","max-video-preview":"max-video-preview:-1"},"canonical":"https:\/\/www.santarosa.gob.ec\/web\/comisiones\/","og_locale":"es_ES","og_type":"article","og_title":"COMISIONES DEL G.A.D. MUNICIPAL DEL CANT\u00d3N SANTA ROSA - GAD Municipal del Cant\u00f3n Santa Rosa","og_description":"[vc_row][vc_column width=\u00bb1\/6&#8243;][\/vc_column][vc_column width=\u00bb2\/3&#8243;][vc_empty_space hide_on_mobile=\u00bb\u00bb][vc_empty_space hide_on_mobile=\u00bb\u00bb][vc_empty_space hide_on_mobile=\u00bb\u00bb][vc_empty_space hide_on_mobile=\u00bb\u00bb][vc_empty_space hide_on_mobile=\u00bb\u00bb][vc_empty_space hide_on_mobile=\u00bb\u00bb][vc_empty_space hide_on_mobile=\u00bb\u00bb][vc_empty_space hide_on_mobile=\u00bb\u00bb][vc_empty_space hide_on_mobile=\u00bb\u00bb][vc_empty_space hide_on_mobile=\u00bb\u00bb][vc_empty_space hide_on_mobile=\u00bb\u00bb][vc_empty_space hide_on_mobile=\u00bb\u00bb][vc_empty_space hide_on_mobile=\u00bb\u00bb][vc_empty_space hide_on_mobile=\u00bb\u00bb][vc_empty_space hide_on_mobile=\u00bb\u00bb][vc_empty_space hide_on_mobile=\u00bb\u00bb][vc_empty_space hide_on_mobile=\u00bb\u00bb][vc_empty_space hide_on_mobile=\u00bb\u00bb][vc_empty_space hide_on_mobile=\u00bb\u00bb][vc_empty_space hide_on_mobile=\u00bb\u00bb][vc_empty_space hide_on_mobile=\u00bb\u00bb][vc_empty_space hide_on_mobile=\u00bb\u00bb][vc_empty_space hide_on_mobile=\u00bb\u00bb][vc_empty_space hide_on_mobile=\u00bb\u00bb][vc_empty_space hide_on_mobile=\u00bb\u00bb][vc_empty_space hide_on_mobile=\u00bb\u00bb][vc_empty_space hide_on_mobile=\u00bb\u00bb][vc_empty_space hide_on_mobile=\u00bb\u00bb][vc_empty_space hide_on_mobile=\u00bb\u00bb][vc_empty_space hide_on_mobile=\u00bb\u00bb][vc_empty_space hide_on_mobile=\u00bb\u00bb][vc_empty_space hide_on_mobile=\u00bb\u00bb][vc_empty_space hide_on_mobile=\u00bb\u00bb][vc_empty_space hide_on_mobile=\u00bb\u00bb][vc_empty_space hide_on_mobile=\u00bb\u00bb][vc_empty_space hide_on_mobile=\u00bb\u00bb][vc_empty_space hide_on_mobile=\u00bb\u00bb][vc_empty_space&hellip;","og_url":"https:\/\/www.santarosa.gob.ec\/web\/comisiones\/","og_site_name":"GAD Municipal del Cant\u00f3n Santa Rosa","article_modified_time":"2025-05-29T20:29:25+00:00","twitter_card":"summary_large_image","twitter_misc":{"Tiempo de lectura":"10 minutos"},"schema":{"@context":"https:\/\/schema.org","@graph":[{"@type":"WebPage","@id":"https:\/\/www.santarosa.gob.ec\/web\/comisiones\/","url":"https:\/\/www.santarosa.gob.ec\/web\/comisiones\/","name":"COMISIONES DEL G.A.D. MUNICIPAL DEL CANT\u00d3N SANTA ROSA - GAD Municipal del Cant\u00f3n Santa Rosa","isPartOf":{"@id":"https:\/\/www.santarosa.gob.ec\/web\/#website"},"datePublished":"2020-05-28T21:43:41+00:00","dateModified":"2025-05-29T20:29:25+00:00","breadcrumb":{"@id":"https:\/\/www.santarosa.gob.ec\/web\/comisiones\/#breadcrumb"},"inLanguage":"es","potentialAction":[{"@type":"ReadAction","target":["https:\/\/www.santarosa.gob.ec\/web\/comisiones\/"]}]},{"@type":"BreadcrumbList","@id":"https:\/\/www.santarosa.gob.ec\/web\/comisiones\/#breadcrumb","itemListElement":[{"@type":"ListItem","position":1,"name":"Portada","item":"https:\/\/www.santarosa.gob.ec\/web\/"},{"@type":"ListItem","position":2,"name":"COMISIONES DEL G.A.D. MUNICIPAL DEL CANT\u00d3N SANTA ROSA"}]},{"@type":"WebSite","@id":"https:\/\/www.santarosa.gob.ec\/web\/#website","url":"https:\/\/www.santarosa.gob.ec\/web\/","name":"GAD Municipal del Cant\u00f3n Santa Rosa","description":"","potentialAction":[{"@type":"SearchAction","target":{"@type":"EntryPoint","urlTemplate":"https:\/\/www.santarosa.gob.ec\/web\/?s={search_term_string}"},"query-input":{"@type":"PropertyValueSpecification","valueRequired":true,"valueName":"search_term_string"}}],"inLanguage":"es"}]}},"_links":{"self":[{"href":"https:\/\/www.santarosa.gob.ec\/web\/wp-json\/wp\/v2\/pages\/1091","targetHints":{"allow":["GET"]}}],"collection":[{"href":"https:\/\/www.santarosa.gob.ec\/web\/wp-json\/wp\/v2\/pages"}],"about":[{"href":"https:\/\/www.santarosa.gob.ec\/web\/wp-json\/wp\/v2\/types\/page"}],"author":[{"embeddable":true,"href":"https:\/\/www.santarosa.gob.ec\/web\/wp-json\/wp\/v2\/users\/1"}],"replies":[{"embeddable":true,"href":"https:\/\/www.santarosa.gob.ec\/web\/wp-json\/wp\/v2\/comments?post=1091"}],"version-history":[{"count":0,"href":"https:\/\/www.santarosa.gob.ec\/web\/wp-json\/wp\/v2\/pages\/1091\/revisions"}],"wp:attachment":[{"href":"https:\/\/www.santarosa.gob.ec\/web\/wp-json\/wp\/v2\/media?parent=1091"}],"curies":[{"name":"wp","href":"https:\/\/api.w.org\/{rel}","templated":true}]}}